{"id":76,"date":"2012-05-05T13:58:58","date_gmt":"2012-05-05T13:58:58","guid":{"rendered":"http:\/\/www.lembach.fr\/mairie\/?page_id=76"},"modified":"2017-05-15T08:45:14","modified_gmt":"2017-05-15T07:45:14","slug":"deces","status":"publish","type":"page","link":"https:\/\/www.lembach.fr\/mairie\/demarches-administratives\/deces\/","title":{"rendered":"D\u00e9c\u00e8s"},"content":{"rendered":"<ul>\n<li>\n<h4>D\u00e9claration de d\u00e9c\u00e8s<\/h4>\n<\/li>\n<\/ul>\n<p>Une d\u00e9claration de d\u00e9c\u00e8s est obligatoire et doit \u00eatre faite dans les 24 heures.<\/p>\n<p>La d\u00e9claration se fait \u00e0 la Mairie en pr\u00e9sentant le livret de famille du d\u00e9funt (ou pi\u00e8ce d\u2019identit\u00e9) et le certificat m\u00e9dical de d\u00e9c\u00e8s d\u00e9livr\u00e9 par le m\u00e9decin<\/p>\n<ul>\n<li>\n<h4>Demande acte de d\u00e9c\u00e8s<\/h4>\n<\/li>\n<\/ul>\n<p>La copie int\u00e9grale de l\u2019acte de d\u00e9c\u00e8s est une reproduction int\u00e9grale des mentions figurant sur l\u2019acte de d\u00e9c\u00e8s.<\/p>\n<p>Qui peut faire la demande ?<\/p>\n<p>Toute personne, sans avoir \u00e0 justifier sa demande ou sa qualit\u00e9, peut demander une copie int\u00e9grale de l\u2019acte de d\u00e9c\u00e8s.<\/p>\n<p>&nbsp;<\/p>\n<p style=\"text-align: center;\"><img loading=\"lazy\" decoding=\"async\" class=\"size-full wp-image-645 aligncenter\" style=\"border: 0pt none;\" src=\"http:\/\/www.lembach.fr\/mairie\/wp-content\/uploads\/2012\/05\/tombe.png\" alt=\"\" width=\"128\" height=\"128\" \/><\/p>\n","protected":false},"excerpt":{"rendered":"<p>D\u00e9claration de d\u00e9c\u00e8s Une d\u00e9claration de d\u00e9c\u00e8s est obligatoire et doit \u00eatre faite dans les 24 heures. La d\u00e9claration se fait \u00e0 la Mairie en pr\u00e9sentant le livret de famille du d\u00e9funt (ou pi\u00e8ce d\u2019identit\u00e9) et le certificat m\u00e9dical de d\u00e9c\u00e8s d\u00e9livr\u00e9 par le m\u00e9decin Demande acte de d\u00e9c\u00e8s La copie int\u00e9grale de l\u2019acte de &hellip; <\/p>\n<p><a class=\"more-link btn\" href=\"https:\/\/www.lembach.fr\/mairie\/demarches-administratives\/deces\/\">Lire la suite<\/a><\/p>\n","protected":false},"author":1,"featured_media":0,"parent":56,"menu_order":4,"comment_status":"closed","ping_status":"open","template":"","meta":{"footnotes":""},"class_list":["post-76","page","type-page","status-publish","hentry","nodate","item-wrap"],"_links":{"self":[{"href":"https:\/\/www.lembach.fr\/mairie\/wp-json\/wp\/v2\/pages\/76","targetHints":{"allow":["GET"]}}],"collection":[{"href":"https:\/\/www.lembach.fr\/mairie\/wp-json\/wp\/v2\/pages"}],"about":[{"href":"https:\/\/www.lembach.fr\/mairie\/wp-json\/wp\/v2\/types\/page"}],"author":[{"embeddable":true,"href":"https:\/\/www.lembach.fr\/mairie\/wp-json\/wp\/v2\/users\/1"}],"replies":[{"embeddable":true,"href":"https:\/\/www.lembach.fr\/mairie\/wp-json\/wp\/v2\/comments?post=76"}],"version-history":[{"count":0,"href":"https:\/\/www.lembach.fr\/mairie\/wp-json\/wp\/v2\/pages\/76\/revisions"}],"up":[{"embeddable":true,"href":"https:\/\/www.lembach.fr\/mairie\/wp-json\/wp\/v2\/pages\/56"}],"wp:attachment":[{"href":"https:\/\/www.lembach.fr\/mairie\/wp-json\/wp\/v2\/media?parent=76"}],"curies":[{"name":"wp","href":"https:\/\/api.w.org\/{rel}","templated":true}]}}