{"id":5344,"date":"2018-08-13T11:02:16","date_gmt":"2018-08-13T10:02:16","guid":{"rendered":"https:\/\/www.lembach.fr\/mairie\/?page_id=5344"},"modified":"2018-08-13T11:06:21","modified_gmt":"2018-08-13T10:06:21","slug":"revision-des-listes-electorales","status":"publish","type":"page","link":"https:\/\/www.lembach.fr\/mairie\/demarches-administratives\/revision-des-listes-electorales\/","title":{"rendered":"R\u00e9vision des listes \u00e9lectorales"},"content":{"rendered":"<p>L\u2019inscription sur les listes \u00e9lectorales n\u2019est pas seulement un devoir civique, mais r\u00e9sulte \u00e9galement d\u2019une obligation l\u00e9gale en vertu de l\u2019article L. 9 du code \u00e9lectoral. Elle est indispensable pour pouvoir voter.<\/p>\n<p>Si la <strong>loi n\u00b0 2016-1048 du 1<sup>er<\/sup> ao\u00fbt 2016 r\u00e9novant les modalit\u00e9s d\u2019inscription sur les listes \u00e9lectorales et son d\u00e9cret d\u2019application n\u00b0 2018-350 du 14 mai 2018 <\/strong>modifient les modalit\u00e9s d\u2019inscription sur les listes \u00e9lectorales,<strong> ces textes n\u2019entreront en vigueur que le 1<sup>er<\/sup> janvier 2019<\/strong>. Ils ne s\u2019appliquent donc pas aux demandes d\u2019inscription d\u00e9pos\u00e9es en 2018.<\/p>\n<p>Vous trouverez sur le document joint et dont le lien et donn\u00e9 ci-dessous, toutes les informations concernant cette inscription .<\/p>\n<p><a href=\"https:\/\/www.lembach.fr\/mairie\/wp-content\/uploads\/2018\/08\/avis_r\u00e9vision_listes_electorales_2018_2019.pdf\" target=\"_blank\" rel=\"noopener\"><img loading=\"lazy\" decoding=\"async\" class=\"aligncenter size-full wp-image-5347\" src=\"https:\/\/www.lembach.fr\/mairie\/wp-content\/uploads\/2018\/08\/avis_revision_listes_electorales_2018_2019-1.jpg\" alt=\"\" width=\"444\" height=\"144\" srcset=\"https:\/\/www.lembach.fr\/mairie\/wp-content\/uploads\/2018\/08\/avis_revision_listes_electorales_2018_2019-1.jpg 444w, https:\/\/www.lembach.fr\/mairie\/wp-content\/uploads\/2018\/08\/avis_revision_listes_electorales_2018_2019-1-300x97.jpg 300w\" sizes=\"auto, (max-width: 444px) 100vw, 444px\" \/><\/a><\/p>\n","protected":false},"excerpt":{"rendered":"<p>L\u2019inscription sur les listes \u00e9lectorales n\u2019est pas seulement un devoir civique, mais r\u00e9sulte \u00e9galement d\u2019une obligation l\u00e9gale en vertu de l\u2019article L. 9 du code \u00e9lectoral. Elle est indispensable pour pouvoir voter. Si la loi n\u00b0 2016-1048 du 1er ao\u00fbt 2016 r\u00e9novant les modalit\u00e9s d\u2019inscription sur les listes \u00e9lectorales et son d\u00e9cret d\u2019application n\u00b0 2018-350 &hellip; <\/p>\n<p><a class=\"more-link btn\" href=\"https:\/\/www.lembach.fr\/mairie\/demarches-administratives\/revision-des-listes-electorales\/\">Lire la suite<\/a><\/p>\n","protected":false},"author":1,"featured_media":0,"parent":56,"menu_order":7,"comment_status":"closed","ping_status":"closed","template":"","meta":{"footnotes":""},"class_list":["post-5344","page","type-page","status-publish","hentry","nodate","item-wrap"],"_links":{"self":[{"href":"https:\/\/www.lembach.fr\/mairie\/wp-json\/wp\/v2\/pages\/5344","targetHints":{"allow":["GET"]}}],"collection":[{"href":"https:\/\/www.lembach.fr\/mairie\/wp-json\/wp\/v2\/pages"}],"about":[{"href":"https:\/\/www.lembach.fr\/mairie\/wp-json\/wp\/v2\/types\/page"}],"author":[{"embeddable":true,"href":"https:\/\/www.lembach.fr\/mairie\/wp-json\/wp\/v2\/users\/1"}],"replies":[{"embeddable":true,"href":"https:\/\/www.lembach.fr\/mairie\/wp-json\/wp\/v2\/comments?post=5344"}],"version-history":[{"count":0,"href":"https:\/\/www.lembach.fr\/mairie\/wp-json\/wp\/v2\/pages\/5344\/revisions"}],"up":[{"embeddable":true,"href":"https:\/\/www.lembach.fr\/mairie\/wp-json\/wp\/v2\/pages\/56"}],"wp:attachment":[{"href":"https:\/\/www.lembach.fr\/mairie\/wp-json\/wp\/v2\/media?parent=5344"}],"curies":[{"name":"wp","href":"https:\/\/api.w.org\/{rel}","templated":true}]}}