{"id":4577,"date":"2017-06-26T14:14:44","date_gmt":"2017-06-26T13:14:44","guid":{"rendered":"http:\/\/www.lembach.fr\/mairie\/?page_id=4577"},"modified":"2017-07-01T20:22:34","modified_gmt":"2017-07-01T19:22:34","slug":"permis-de-conduire","status":"publish","type":"page","link":"https:\/\/www.lembach.fr\/mairie\/demarches-administratives\/permis-de-conduire\/","title":{"rendered":"Permis de conduire"},"content":{"rendered":"<p>Depuis le 15 juin 2017, toutes les d\u00e9marches li\u00e9es au permis de conduire sont accessibles aux usagers par t\u00e9l\u00e9proc\u00e9dure : <a href=\"https:\/\/permisdeconduire.ants.gouv.fr\/\" target=\"_blank\" rel=\"noopener\"><span style=\"text-decoration: underline;\"><strong>https:\/\/permisdeconduire.ants.gouv.fr\/<\/strong><\/span><\/a><\/p>\n<p>Les documents \u00e0 joindre sont transmis par voie \u00e9lectronique : <a href=\"http:\/\/www.lembach.fr\/mairie\/wp-content\/uploads\/2017\/06\/Dde-permis-conduire-d\u00e9mat.png\">liste des documents \u00e0 produire<\/a><\/p>\n<p><img loading=\"lazy\" decoding=\"async\" class=\" wp-image-4578 aligncenter\" style=\"border: 0pt none;\" src=\"http:\/\/www.lembach.fr\/mairie\/wp-content\/uploads\/2017\/06\/Affiche-permis-conduire.png\" alt=\"\" width=\"414\" height=\"590\" srcset=\"https:\/\/www.lembach.fr\/mairie\/wp-content\/uploads\/2017\/06\/Affiche-permis-conduire.png 543w, https:\/\/www.lembach.fr\/mairie\/wp-content\/uploads\/2017\/06\/Affiche-permis-conduire-210x300.png 210w\" sizes=\"auto, (max-width: 414px) 100vw, 414px\" \/><\/p>\n<p><strong>Le plan \u00ab\u00a0pr\u00e9fectures nouvelle g\u00e9n\u00e9ration\u00a0\u00bb entrainera la fermeture des guichets des pr\u00e9fectures en novembre 2017.<\/strong> Une mission de relation avec les usagers perdurera pour certaines\u00a0d\u00e9marches dont les demandes de relev\u00e9 de points et les renseignements concernant les sanctions.<\/p>\n<p>Les demandes de <strong>permis de conduire international<\/strong> se font par courrier \u00e0 (un mois avant le d\u00e9part) :<\/p>\n<div style=\"text-align: center;\">Pr\u00e9fecture de la R\u00e9gion Grand Est et du D\u00e9partement du Bas-Rhin<\/div>\n<div style=\"text-align: center;\">Direction de l&rsquo;Administration g\u00e9n\u00e9rale<\/div>\n<div style=\"text-align: center;\">Bureau des Usagers de la Route<\/div>\n<div style=\"text-align: center;\">P\u00f4le Permis de Conduire<\/div>\n<div style=\"text-align: center;\">5 place de la R\u00e9publique<\/div>\n<div style=\"text-align: center;\">67073 Strasbourg Cedex<\/div>\n<p>&nbsp;<\/p>\n","protected":false},"excerpt":{"rendered":"<p>Depuis le 15 juin 2017, toutes les d\u00e9marches li\u00e9es au permis de conduire sont accessibles aux usagers par t\u00e9l\u00e9proc\u00e9dure : https:\/\/permisdeconduire.ants.gouv.fr\/ Les documents \u00e0 joindre sont transmis par voie \u00e9lectronique : liste des documents \u00e0 produire Le plan \u00ab\u00a0pr\u00e9fectures nouvelle g\u00e9n\u00e9ration\u00a0\u00bb entrainera la fermeture des guichets des pr\u00e9fectures en novembre 2017. Une mission de relation &hellip; <\/p>\n<p><a class=\"more-link btn\" href=\"https:\/\/www.lembach.fr\/mairie\/demarches-administratives\/permis-de-conduire\/\">Lire la suite<\/a><\/p>\n","protected":false},"author":1,"featured_media":0,"parent":56,"menu_order":10,"comment_status":"closed","ping_status":"closed","template":"","meta":{"footnotes":""},"class_list":["post-4577","page","type-page","status-publish","hentry","nodate","item-wrap"],"_links":{"self":[{"href":"https:\/\/www.lembach.fr\/mairie\/wp-json\/wp\/v2\/pages\/4577","targetHints":{"allow":["GET"]}}],"collection":[{"href":"https:\/\/www.lembach.fr\/mairie\/wp-json\/wp\/v2\/pages"}],"about":[{"href":"https:\/\/www.lembach.fr\/mairie\/wp-json\/wp\/v2\/types\/page"}],"author":[{"embeddable":true,"href":"https:\/\/www.lembach.fr\/mairie\/wp-json\/wp\/v2\/users\/1"}],"replies":[{"embeddable":true,"href":"https:\/\/www.lembach.fr\/mairie\/wp-json\/wp\/v2\/comments?post=4577"}],"version-history":[{"count":1,"href":"https:\/\/www.lembach.fr\/mairie\/wp-json\/wp\/v2\/pages\/4577\/revisions"}],"predecessor-version":[{"id":7862,"href":"https:\/\/www.lembach.fr\/mairie\/wp-json\/wp\/v2\/pages\/4577\/revisions\/7862"}],"up":[{"embeddable":true,"href":"https:\/\/www.lembach.fr\/mairie\/wp-json\/wp\/v2\/pages\/56"}],"wp:attachment":[{"href":"https:\/\/www.lembach.fr\/mairie\/wp-json\/wp\/v2\/media?parent=4577"}],"curies":[{"name":"wp","href":"https:\/\/api.w.org\/{rel}","templated":true}]}}