{"id":275,"date":"2016-10-04T19:40:24","date_gmt":"2016-10-04T18:40:24","guid":{"rendered":"http:\/\/www.lembach.fr\/mairie\/?page_id=275"},"modified":"2017-10-22T12:09:37","modified_gmt":"2017-10-22T11:09:37","slug":"nature","status":"publish","type":"page","link":"https:\/\/www.lembach.fr\/mairie\/decouvrir\/nature\/","title":{"rendered":"D\u00e9couverte de la nature"},"content":{"rendered":"<h2 style=\"text-align: left;\">M. Fran\u00e7ois Spill nous fait parvenir r\u00e9guli\u00e8rement ses publications accompagn\u00e9es de photos et que nous avons le plaisir de publier ici.<\/h2>\n<p style=\"text-align: left;\"><ul id='GTTabs_ul_275' class='GTTabs' style='display:none'>\n<li id='GTTabs_li_0_275' class='GTTabs_curr'><a  id=\"275_0\" onMouseOver=\"GTTabsShowLinks('Printemps (1)'); return true;\"  onMouseOut=\"GTTabsShowLinks();\"  class='GTTabsLinks'>Printemps (1)<\/a><\/li>\n<li id='GTTabs_li_1_275' ><a  id=\"275_1\" onMouseOver=\"GTTabsShowLinks('Printemps (2)'); return true;\"  onMouseOut=\"GTTabsShowLinks();\"  class='GTTabsLinks'>Printemps (2)<\/a><\/li>\n<li id='GTTabs_li_2_275' ><a  id=\"275_2\" onMouseOver=\"GTTabsShowLinks('\u00c9t\u00e9'); return true;\"  onMouseOut=\"GTTabsShowLinks();\"  class='GTTabsLinks'>\u00c9t\u00e9<\/a><\/li>\n<li id='GTTabs_li_3_275' ><a  id=\"275_3\" onMouseOver=\"GTTabsShowLinks('Automne'); return true;\"  onMouseOut=\"GTTabsShowLinks();\"  class='GTTabsLinks'>Automne<\/a><\/li>\n<li id='GTTabs_li_4_275' ><a  id=\"275_4\" onMouseOver=\"GTTabsShowLinks('Les oiseaux en hiver'); return true;\"  onMouseOut=\"GTTabsShowLinks();\"  class='GTTabsLinks'>Les oiseaux en hiver<\/a><\/li>\n<\/ul>\n\n<div class='GTTabs_divs GTTabs_curr_div' id='GTTabs_0_275'>\n<span class='GTTabs_titles'><b>Printemps (1)<\/b><\/span><\/p>\n<p style=\"text-align: left;\">Avec le rallongement des jours la nature se r\u00e9veille et le cycle immuable de la vie se perp\u00e9tue.<\/p>\n<p style=\"text-align: left;\">Les oiseaux migrateurs ayant pass\u00e9 l\u2019hiver chez nous regagnent peu \u00e0 peu leurs zones de nidification situ\u00e9es plus au Nord ou \u00e0 l\u2019Est. D\u00e8s mi-F\u00e9vrier des vagues de quelques centaines de Grues cendr\u00e9es ont survol\u00e9 bruyamment Lembach d\u2019Ouest en Est se rapprochant peu \u00e0 peu de leurs territoires de nidification. Les Grandes aigrettes qui ont pass\u00e9 tout l\u2019hiver dans la vall\u00e9e de la Sauer sont \u00e9galement reparties rejoindre leurs sites de reproduction.<\/p>\n<p style=\"text-align: left;\">Pour d\u2019autres c\u2019est l\u2019heure de revenir chez nous : Grive musicienne, Pouillot v\u00e9loce, Bergeronnette grise, Rouge queue noir, Accenteur mouchet sont parmi les premiers \u00e0 revenir d\u2019une courte migration. Les chants qui sont des manifestations territoriales, se font entendre un peu partout, le Pic vert, le Merle noir, la Grive musicienne, la Grive draine, le pinson des arbres et la M\u00e9sange charbonni\u00e8re sont parmi les plus actifs en fin d\u2019hiver. De nombreux autres oiseaux migrateurs devant parfois effectuer plus de 5000 kilom\u00e8tres nous rejoindront dans le courant du printemps.<\/p>\n<p style=\"text-align: left;\">Quelques papillons de jour ont hibern\u00e9 dans un abri sous forme adulte comme le Paon du jour, la Grande Tortue, la Petite Tortue, le Vulcain ou le Robert le diable et volent d\u00e8s que l\u2019ardeur du soleil les r\u00e9veille. Le Citron dont le corps est dot\u00e9 d\u2019un antigel passe tout l\u2019hiver au sol dans la liti\u00e8re foresti\u00e8re et peut se laisser ensevelir par la neige, mais profite des moindres conditions favorables pour voler. Fin 2015, quelques jours avant No\u00ebl dans des conditions exceptionnellement favorables plusieurs Citrons volaient en for\u00eat au soleil \u00e0 Lembach.<\/p>\n<p style=\"text-align: left;\">La tr\u00e8s grande majorit\u00e9 des insectes passe n\u00e9anmoins l\u2019hiver sous forme de larves enfouies dans le sol et y effectuent leur mutation et passer du stade larvaire \u00e0 l\u2019imago (insecte adulte), ils n\u2019\u00e9mergeront que lorsque les conditions environnantes le permettront. Ces larves serviront aussi de nourriture \u00e0 de nombreux oiseaux passant l\u2019hiver chez nous.<\/p>\n<p style=\"text-align: left;\">L\u2019Orn\u00e9e est un papillon de nuit de la famille des Phal\u00e8nes. Il s\u2019agit d\u2019une esp\u00e8ce rare en France comme en Allemagne. Il appara\u00eet \u00e0 la fin de l\u2019hiver jusqu\u2019\u00e0 mi-avril sur les pr\u00e9s du Wiede. La femelle ne poss\u00e8de que des moignons d\u2019ailes elle est donc totalement inapte au vol, celle-ci reste donc confin\u00e9e dans les herbes sur des surfaces tr\u00e8s r\u00e9duites. Autre particularit\u00e9 ces papillons ne poss\u00e8dent que des mandibules atrophi\u00e9es qui ne leur permettent pas d\u2019absorber de nourriture. Ils vivent donc sur les r\u00e9serves accumul\u00e9es par la chenille au cours de son d\u00e9veloppement. Celle-ci se nourrit de nombreuses plantes basses tout au long de leur cycle. L\u2019esp\u00e8ce est li\u00e9e aux milieux herbeux et donc tr\u00e8s expos\u00e9e aux perturbations humaines comme l\u2019\u00e9pandage de fumier, le nivellement des pr\u00e9s ou la fauche pr\u00e9coce pour les chenilles.<\/p>\n<p style=\"text-align: left;\">Fin F\u00e9vrier les grenouilles rousses commencent \u00e0 se manifester et pondent dans tous les espaces aquatiques disponibles m\u00eame souvent temporaires ce qui cause souvent la perte de nombreux \u0153ufs ou t\u00eatards si le printemps se montre trop sec.<br \/>\nFin Mars la grande migration des Crapauds communs d\u00e9bute. Ils ont hibern\u00e9 en for\u00eat sous terre et entreprennent une migration p\u00e9rilleuse pour se reproduire. L\u2019\u00e9tang du Fleckenstein constitue l\u2019un des plus important sites de reproduction du crapaud en Alsace comptant plus de 5000 individus. Malheureusement malgr\u00e9 les am\u00e9nagements de la DDE de nombreux crapauds sont toujours \u00e9cras\u00e9s sur les routes. Les tritons alpestres et palm\u00e9s effectuent \u00e9galement cette m\u00eame migration subissant les m\u00eames risques. La Salamandre tachet\u00e9e est bien plus rare, elle hiverne pr\u00e8s de ses sites de reproduction et se trouve donc moins expos\u00e9e \u00e0 ces dangers.<\/p>\n<p style=\"text-align: left;\">Le Leste brun est une petite libellule \u00e0 la biologie tr\u00e8s particuli\u00e8re. Alors que toutes les autres esp\u00e8ces de cette famille passent l\u2019hiver sous forme de larves dans l\u2019eau, le Leste brun hiverne au stade adulte dans le bois mort ou la liti\u00e8re foresti\u00e8re. Il r\u00e9appara\u00eet aux premiers rayons de soleil de Mars se nourrir des premi\u00e8res mouches et moucherons et rejoindra les milieux aquatiques d\u00e8s le d\u00e9but du printemps pour se reproduire puis dispara\u00eetre. Ce comportement tr\u00e8s particulier le fait souvent passer inaper\u00e7u.<\/p>\n<p style=\"text-align: left;\">Les premi\u00e8res fleurs apparaissent vers la fin de l\u2019hiver. Le Daphne Bois gentil est un arbrisseau rare dans les Vosges du Nord. A Lembach il ne subsiste plus que dans une seule station dans le bois calcaire du Forlen au Nord du village. Ses fleurs rouges apparaissent \u00e0 partir de mi-f\u00e9vrier mais sont discr\u00e8tes.<br \/>\nLes fleurs typiques de fin d\u2019hiver apparaissent en Mars voire avant si l\u2019hiver a \u00e9t\u00e9 cl\u00e9ment comme cette ann\u00e9e. An\u00e9mones sylvestres, Lamiers pourpres, Ficaires, Tussilages, Pissenlits entre autres, viennent tr\u00e8s t\u00f4t donner des couleurs \u00e0 notre environnement et attirent in\u00e9vitablement les insectes qui se nourrissent du nectar et du pollen produits par les fleurs. Les fleurs de Saules sont tr\u00e8s recherch\u00e9es par de nombreux insectes au sortir de l\u2019hiver.<\/p>\n<p style=\"text-align: left;\">80% des plantes n\u2019existeraient pas sans les insectes qui bien involontairement transporteront en butinant de fleur en fleur, le pollen des \u00e9tamines (organes m\u00e2les des fleurs) sur le pistil (organe femelle) et donneront des graines ou des fruits et assurent ainsi la p\u00e9rennit\u00e9 des esp\u00e8ces. Cette association appel\u00e9e symbiose profite tous, aux fleurs, aux insectes mais aussi \u00e0 nous qui partageons le m\u00eame environnement et en r\u00e9coltons les fruits.<\/p>\n<p style=\"text-align: left;\">Les premi\u00e8res abeilles sauvages apparaissent en m\u00eame temps que les fleurs. Encore largement m\u00e9connues elles sont tr\u00e8s sensibles aux activit\u00e9s humaines qui peuvent \u00eatre une importante menace en cas de perturbations de leur environnement. Une majorit\u00e9 d\u2019abeilles sauvages (appel\u00e9es aussi abeilles solitaires) creusent leur nid isol\u00e9ment \u00e0 m\u00eame le sol \u00e0 proximit\u00e9 de leurs sources de nourriture. Andr\u00e8nes bicolores, Omies cornues, Abeilles charpenti\u00e8res sont parmi les premi\u00e8res \u00e0 investir les fleurs. Beaucoup d\u2019autres suivront en fonction de l\u2019\u00e9volution de la saison et donc de la v\u00e9g\u00e9tation. Chacune est sp\u00e9cialis\u00e9e dans une ou plusieurs familles de plantes voire parfois d\u2019une seule fleur.<br \/>\nL\u2019abeille mellif\u00e8re est le seul insecte qui a \u00e9t\u00e9 domestiqu\u00e9 par l\u2019homme pour sa capacit\u00e9 \u00e0 produire du miel bien plus importante que ses propres besoins. Peu d\u2019abeilles sauvages peuvent produire du miel. Les bourdons gr\u00e2ce \u00e0 leur mode de vie social et disposant d\u2019ouvri\u00e8res en sont capables mais en quantit\u00e9 limit\u00e9e et ce uniquement pour nourrir leurs larves. Peu sensibles \u00e0 la fra\u00eecheur ambiante ils sont capables de butiner m\u00eame par temps gris et pluvieux. Si le printemps est frais et humide ils peuvent devenir les principaux agents pollinisateurs de nos arbres fruitiers.<\/p>\n<p style=\"text-align: left;\">Le Grand Bombyle de la famille des Dipt\u00e8res (mouches) vole d\u00e8s la fin de l\u2019hiver, il ressemble \u00e0 un petit Bourdon et utilise cette ressemblance pour parasiter diverses abeilles sauvages, pondant ses \u0153ufs dans les nids des abeilles \u00e0 la moindre occasion. Les cas de parasitisme sont fr\u00e9quents dans le monde des insectes. Le Grand Bombyle butine les fleurs en vol sur place et r\u00e9colte le nectar gr\u00e2ce \u00e0 sa longue trompe qu\u2019il d\u00e9plie.<\/p>\n<p style=\"text-align: left;\">Les chauves souris qui ont hibern\u00e9 dans les cavit\u00e9s souterraines tout l\u2019hiver se sont r\u00e9veill\u00e9es et parties en qu\u00eate de nourriture constitu\u00e9e exclusivement d\u2019insectes ce qui en fait de pr\u00e9cieux alli\u00e9es de l\u2019homme. Ils abandonneront la fra\u00eecheur de leurs sites d\u2019hibernation pour retourner dans les endroits chauds (arbres, toits des maisons, clochers) pour l\u2019\u00e9levage de leur prog\u00e9niture.<\/p>\n<p style=\"text-align: left;\">Au fil de l\u2019avanc\u00e9e du printemps notre environnement subira une tr\u00e8s importante mutation nous apportant une panoplie de couleurs et une multitude de formes animales et v\u00e9g\u00e9tales li\u00e9es l\u2019une \u00e0 l\u2019autre par un fil invisible. Certaines sont tr\u00e8s communes d\u2019autres beaucoup plus rares voire exceptionnelles, toutes font partie de notre patrimoine naturel au m\u00eame titre que le patrimoine paysager culturel ou historique, mais sur lesquelles planent en permanence de nombreuses menaces anthropiques risquant d\u2019appauvrir consid\u00e9rablement et rapidement notre biodiversit\u00e9 et donc la qualit\u00e9 de notre environnement.<\/p>\n<p style=\"text-align: right;\">texte et photos <em><strong>Fran\u00e7ois Spill<\/strong><\/em><\/p>\n\n\t\t<style type=\"text\/css\">\n\t\t\t#gallery-1 {\n\t\t\t\tmargin: auto;\n\t\t\t}\n\t\t\t#gallery-1 .gallery-item {\n\t\t\t\tfloat: left;\n\t\t\t\tmargin-top: 10px;\n\t\t\t\ttext-align: center;\n\t\t\t\twidth: 25%;\n\t\t\t}\n\t\t\t#gallery-1 img {\n\t\t\t\tborder: 2px solid #cfcfcf;\n\t\t\t}\n\t\t\t#gallery-1 .gallery-caption {\n\t\t\t\tmargin-left: 0;\n\t\t\t}\n\t\t\t\/* see gallery_shortcode() in wp-includes\/media.php *\/\n\t\t<\/style>\n\t\t<div id='gallery-1' class='gallery galleryid-275 gallery-columns-4 gallery-size-thumbnail'><dl class='gallery-item'>\n\t\t\t<dt class='gallery-icon landscape'>\n\t\t\t\t<a href='https:\/\/www.lembach.fr\/mairie\/decouvrir\/nature\/f_spill_printemps_01\/'><img loading=\"lazy\" decoding=\"async\" width=\"150\" height=\"150\" src=\"https:\/\/www.lembach.fr\/mairie\/wp-content\/uploads\/2016\/05\/f_spill_printemps_01-150x150.jpg\" class=\"attachment-thumbnail size-thumbnail\" alt=\"\" aria-describedby=\"gallery-1-3726\" \/><\/a>\n\t\t\t<\/dt>\n\t\t\t\t<dd class='wp-caption-text gallery-caption' id='gallery-1-3726'>\n\t\t\t\tAbeille domestique les pattes charg\u00e9es de pollen sur Tussilage.\n\t\t\t\t<\/dd><\/dl><dl class='gallery-item'>\n\t\t\t<dt class='gallery-icon landscape'>\n\t\t\t\t<a href='https:\/\/www.lembach.fr\/mairie\/decouvrir\/nature\/f_spill_printemps_02\/'><img loading=\"lazy\" decoding=\"async\" width=\"150\" height=\"150\" src=\"https:\/\/www.lembach.fr\/mairie\/wp-content\/uploads\/2016\/05\/f_spill_printemps_02-150x150.jpg\" class=\"attachment-thumbnail size-thumbnail\" alt=\"\" aria-describedby=\"gallery-1-3727\" \/><\/a>\n\t\t\t<\/dt>\n\t\t\t\t<dd class='wp-caption-text gallery-caption' id='gallery-1-3727'>\n\t\t\t\tAbeille sauvage parasite de la famille des Nomada butinant sur un saule en fleurs.\n\t\t\t\t<\/dd><\/dl><dl class='gallery-item'>\n\t\t\t<dt class='gallery-icon landscape'>\n\t\t\t\t<a href='https:\/\/www.lembach.fr\/mairie\/decouvrir\/nature\/f_spill_printemps_03\/'><img loading=\"lazy\" decoding=\"async\" width=\"150\" height=\"150\" src=\"https:\/\/www.lembach.fr\/mairie\/wp-content\/uploads\/2016\/05\/f_spill_printemps_03-150x150.jpg\" class=\"attachment-thumbnail size-thumbnail\" alt=\"\" aria-describedby=\"gallery-1-3728\" \/><\/a>\n\t\t\t<\/dt>\n\t\t\t\t<dd class='wp-caption-text gallery-caption' id='gallery-1-3728'>\n\t\t\t\tChauves souris en hibernantion \u00e0 gauche Grand murin, \u00e0 droite Murin \u00e0 moustaches.\n\t\t\t\t<\/dd><\/dl><dl class='gallery-item'>\n\t\t\t<dt class='gallery-icon landscape'>\n\t\t\t\t<a href='https:\/\/www.lembach.fr\/mairie\/decouvrir\/nature\/f_spill_printemps_04\/'><img loading=\"lazy\" decoding=\"async\" width=\"150\" height=\"150\" src=\"https:\/\/www.lembach.fr\/mairie\/wp-content\/uploads\/2016\/05\/f_spill_printemps_04-150x150.jpg\" class=\"attachment-thumbnail size-thumbnail\" alt=\"\" aria-describedby=\"gallery-1-3729\" \/><\/a>\n\t\t\t<\/dt>\n\t\t\t\t<dd class='wp-caption-text gallery-caption' id='gallery-1-3729'>\n\t\t\t\tCitron m\u00e2le butinant sur le Tussilage\n\t\t\t\t<\/dd><\/dl><br style=\"clear: both\" \/><dl class='gallery-item'>\n\t\t\t<dt class='gallery-icon landscape'>\n\t\t\t\t<a href='https:\/\/www.lembach.fr\/mairie\/decouvrir\/nature\/f_spill_printemps_05\/'><img loading=\"lazy\" decoding=\"async\" width=\"150\" height=\"150\" src=\"https:\/\/www.lembach.fr\/mairie\/wp-content\/uploads\/2016\/05\/f_spill_printemps_05-150x150.jpg\" class=\"attachment-thumbnail size-thumbnail\" alt=\"\" aria-describedby=\"gallery-1-3730\" \/><\/a>\n\t\t\t<\/dt>\n\t\t\t\t<dd class='wp-caption-text gallery-caption' id='gallery-1-3730'>\n\t\t\t\tGrand Bombyle sur An\u00e9mone sylvestre\n\t\t\t\t<\/dd><\/dl><dl class='gallery-item'>\n\t\t\t<dt class='gallery-icon landscape'>\n\t\t\t\t<a href='https:\/\/www.lembach.fr\/mairie\/decouvrir\/nature\/f_spill_printemps_06\/'><img loading=\"lazy\" decoding=\"async\" width=\"150\" height=\"150\" src=\"https:\/\/www.lembach.fr\/mairie\/wp-content\/uploads\/2016\/05\/f_spill_printemps_06-150x150.jpg\" class=\"attachment-thumbnail size-thumbnail\" alt=\"\" aria-describedby=\"gallery-1-3731\" \/><\/a>\n\t\t\t<\/dt>\n\t\t\t\t<dd class='wp-caption-text gallery-caption' id='gallery-1-3731'>\n\t\t\t\tGrande tortue su\u00e7ant la s\u00e8ve sur un bouleau en fin d&rsquo;hiver\n\t\t\t\t<\/dd><\/dl><dl class='gallery-item'>\n\t\t\t<dt class='gallery-icon landscape'>\n\t\t\t\t<a href='https:\/\/www.lembach.fr\/mairie\/decouvrir\/nature\/f_spill_printemps_07\/'><img loading=\"lazy\" decoding=\"async\" width=\"150\" height=\"150\" src=\"https:\/\/www.lembach.fr\/mairie\/wp-content\/uploads\/2016\/05\/f_spill_printemps_07-150x150.jpg\" class=\"attachment-thumbnail size-thumbnail\" alt=\"\" aria-describedby=\"gallery-1-3732\" \/><\/a>\n\t\t\t<\/dt>\n\t\t\t\t<dd class='wp-caption-text gallery-caption' id='gallery-1-3732'>\n\t\t\t\tGrandes aigrettes \u00e0 l&rsquo;\u00e9tang du Fleckenstein\n\t\t\t\t<\/dd><\/dl><dl class='gallery-item'>\n\t\t\t<dt class='gallery-icon landscape'>\n\t\t\t\t<a href='https:\/\/www.lembach.fr\/mairie\/decouvrir\/nature\/f_spill_printemps_08\/'><img loading=\"lazy\" decoding=\"async\" width=\"150\" height=\"150\" src=\"https:\/\/www.lembach.fr\/mairie\/wp-content\/uploads\/2016\/05\/f_spill_printemps_08-150x150.jpg\" class=\"attachment-thumbnail size-thumbnail\" alt=\"\" aria-describedby=\"gallery-1-3733\" \/><\/a>\n\t\t\t<\/dt>\n\t\t\t\t<dd class='wp-caption-text gallery-caption' id='gallery-1-3733'>\n\t\t\t\tLeste brun se chauffant au soleil\n\t\t\t\t<\/dd><\/dl><br style=\"clear: both\" \/><dl class='gallery-item'>\n\t\t\t<dt class='gallery-icon landscape'>\n\t\t\t\t<a href='https:\/\/www.lembach.fr\/mairie\/decouvrir\/nature\/f_spill_printemps_09\/'><img loading=\"lazy\" decoding=\"async\" width=\"150\" height=\"150\" src=\"https:\/\/www.lembach.fr\/mairie\/wp-content\/uploads\/2016\/05\/f_spill_printemps_09-150x150.jpg\" class=\"attachment-thumbnail size-thumbnail\" alt=\"\" aria-describedby=\"gallery-1-3734\" \/><\/a>\n\t\t\t<\/dt>\n\t\t\t\t<dd class='wp-caption-text gallery-caption' id='gallery-1-3734'>\n\t\t\t\tPaon du jour butinant sur le Tussilage\n\t\t\t\t<\/dd><\/dl><dl class='gallery-item'>\n\t\t\t<dt class='gallery-icon landscape'>\n\t\t\t\t<a href='https:\/\/www.lembach.fr\/mairie\/decouvrir\/nature\/f_spill_printemps_10\/'><img loading=\"lazy\" decoding=\"async\" width=\"150\" height=\"150\" src=\"https:\/\/www.lembach.fr\/mairie\/wp-content\/uploads\/2016\/05\/f_spill_printemps_10-150x150.jpg\" class=\"attachment-thumbnail size-thumbnail\" alt=\"\" aria-describedby=\"gallery-1-3735\" \/><\/a>\n\t\t\t<\/dt>\n\t\t\t\t<dd class='wp-caption-text gallery-caption' id='gallery-1-3735'>\n\t\t\t\tPhal\u00e8ne orn\u00e9e, m\u00e2les en bas, femelle sans ailes en haut\n\t\t\t\t<\/dd><\/dl><dl class='gallery-item'>\n\t\t\t<dt class='gallery-icon landscape'>\n\t\t\t\t<a href='https:\/\/www.lembach.fr\/mairie\/decouvrir\/nature\/f_spill_printemps_11\/'><img loading=\"lazy\" decoding=\"async\" width=\"150\" height=\"150\" src=\"https:\/\/www.lembach.fr\/mairie\/wp-content\/uploads\/2016\/05\/f_spill_printemps_11-150x150.jpg\" class=\"attachment-thumbnail size-thumbnail\" alt=\"\" aria-describedby=\"gallery-1-3736\" \/><\/a>\n\t\t\t<\/dt>\n\t\t\t\t<dd class='wp-caption-text gallery-caption' id='gallery-1-3736'>\n\t\t\t\tRobert le diable se chauffant au soleil\n\t\t\t\t<\/dd><\/dl><dl class='gallery-item'>\n\t\t\t<dt class='gallery-icon landscape'>\n\t\t\t\t<a href='https:\/\/www.lembach.fr\/mairie\/decouvrir\/nature\/f_spill_printemps_12\/'><img loading=\"lazy\" decoding=\"async\" width=\"150\" height=\"150\" src=\"https:\/\/www.lembach.fr\/mairie\/wp-content\/uploads\/2016\/05\/f_spill_printemps_12-150x150.jpg\" class=\"attachment-thumbnail size-thumbnail\" alt=\"\" aria-describedby=\"gallery-1-3737\" \/><\/a>\n\t\t\t<\/dt>\n\t\t\t\t<dd class='wp-caption-text gallery-caption' id='gallery-1-3737'>\n\t\t\t\tVue du Loewenstein le 10.2.15 \u00e0 gauche Lembach sous le brouillard et la fra\u00eecheur\n\t\t\t\t<\/dd><\/dl><br style=\"clear: both\" \/>\n\t\t<\/div>\n\n<p><\/div>\n\n<div class='GTTabs_divs' id='GTTabs_1_275'>\n<span class='GTTabs_titles'><b>Printemps (2)<\/b><\/span><\/p>\n<p style=\"text-align: left;\">Malgr\u00e9 un printemps capricieux notre environnement s\u2019est rapidement m\u00e9tamorphos\u00e9.<br \/>\nUne multitude de couleurs t\u00e9moigne de cette renaissance nous faisant oublier la grisaille de l\u2019hiver qui aura \u00e9t\u00e9 long et humide.<\/p>\n<p style=\"text-align: left;\">Tous oiseaux migrateurs sont tous de retour mi-Mai.<br \/>\nSeuls les oiseaux insectivores ont migr\u00e9, les granivores ou ceux qui ont la facult\u00e9 de modifier leur r\u00e9gime en automne restent chez nous toute l\u2019ann\u00e9e.<br \/>\nLa migration est due \u00e0 l\u2019absence d\u2019insectes en hiver, ceux-ci constituent une part tr\u00e8s importante de leur nourriture durant toute la saison estivale. Ils sont donc oblig\u00e9s de partir parfois tr\u00e8s loin vers le sud pour trouver des milieux qui leur procurent la nourriture n\u00e9cessaire. Au printemps leur instinct leur indique que les conditions sont redevenues favorables sous nos latitudes et ils se h\u00e2tent pour retrouver leur territoire de reproduction.<\/p>\n<p style=\"text-align: left;\">Les premi\u00e8res hirondelles et le coucou symboles du printemps \u00e9taient \u00e0 l\u2019heure d\u00e9but avril.<br \/>\n2 esp\u00e8ces d\u2019hirondelles sont pr\u00e9sentes chez nous :<br \/>\n&#8211; L\u2019hirondelle de fen\u00eatre qui accroche son nid sous les toits des maisons, elle a colonis\u00e9 les villes et villages depuis les premi\u00e8res constructions humaines. Auparavant elle nichait dans les parois rocheuses. Elle est bien reconnaissable \u00e0 sa petite taille et \u00e0 son croupion blanc.<br \/>\n&#8211; L\u2019hirondelle rustique est plus grande et niche \u00e0 l\u2019int\u00e9rieur des granges o\u00f9 elle installe son nid \u00e0 l\u2019abri des intemp\u00e9ries et riche en mouches. Le b\u00e9tail se faisant de plus en plus rare ses effectifs ont diminu\u00e9 de fa\u00e7on cons\u00e9quente.<br \/>\nLe Martinet noir est souvent confondu avec les hirondelles, il est tr\u00e8s sombre et sa taille est plus importante. C\u2019est un grand migrateur qui a la particularit\u00e9 de ne jamais se poser, il vole m\u00eame en dormant ! Seule la femelle se pose pour couver les \u0153ufs sous le toit d\u2019un b\u00e2timent. Il reste chez nous environ 100 jours tout juste le temps de mener \u00e0 terme une nich\u00e9e.<br \/>\nLe Serin cini, la Fauvette \u00e0 t\u00eate noire, les Rouges queues noirs et \u00e0 front blanc font \u00e0 nouveau entendre leur chant dans tout le village o\u00f9 les vergers alentours qu\u2019ils appr\u00e9cient particuli\u00e8rement. La Pie gri\u00e8che \u00e9corcheur fr\u00e9quente les vergers avec des haies, elle est de retour d\u00e9but Mai. Elle peut empaler ses proies (sauterelles, criquets, gros hym\u00e9nopt\u00e8res et m\u00eame de petits rongeurs) sur dans les buissons \u00e9pineux ou le fil de fer barbel\u00e9 \u00e0 proximit\u00e9 de la haie o\u00f9 elle niche.<\/p>\n<p style=\"text-align: left;\">Bien des papillons de toutes tailles migrent \u00e9galement comme le Moro sphinx ou la Belle dame, ils peuvent traverser la M\u00e9diterran\u00e9e pour se reproduire chez nous, d\u2019autres viendront d\u2019Europe du Sud en traversant les cols alpins. D\u2019autres encore ne seront que de passage chez nous et iront bien plus loin vers le Nord. Ils peuvent effectuer des migrations de plus de 3000 kilom\u00e8tres ! Ces m\u00eames papillons ne seront plus en mesure d\u2019effectuer la migration de retour, c\u2019est leur descendance qui guid\u00e9e par l\u2019instinct repartira en fin d\u2019\u00e9t\u00e9 vers des cieux plus cl\u00e9ments. Certaines ann\u00e9es lorsque les printemps sont chauds ces migrations peuvent \u00eatre particuli\u00e8rement importantes. Pour d\u2019autres papillons comme la Pi\u00e9ride du chou ou le Machaon des individus migrateurs viendront renforcer les populations s\u00e9dentaires avec une migration de retour partielle.<br \/>\nDe nombreux papillons de toutes les tailles et couleurs, diurnes ou nocturnes sont apparus pour profiter de l\u2019abondance de nourriture produite par les fleurs leur faisant emporter au passage un peu de pollen qu\u2019ils disperseront au hasard des plantes fr\u00e9quent\u00e9es et participant ainsi la reproduction des fleurs.<br \/>\nL\u2019Aurore de la Cardamine est l\u2019un des premiers papillons du printemps et vole d\u00e8s d\u00e9but Avril et en Mai dans les endroits ombrag\u00e9s riches en Cardamines. Le Machaon est l\u2019un des plus grands et des plus beaux papillons de notre r\u00e9gion, il n\u2019est jamais commun et se reproduit dans les grandes surfaces herbeuses riches en fleurs.<br \/>\nL\u2019Ensanglant\u00e9e de l\u2019oseille est un petit papillon qui vole \u00e0 partir du mois de Mai sur les pr\u00e9s secs riches en Oseilles. Plus r\u00e9pandu sur les friches sablonneuses \u00e0 Obersteinbach il est n\u00e9anmoins parfois vu sur les pr\u00e9s non p\u00e2tur\u00e9s du Gries. Bien que faisant partie de la famille de Phal\u00e8nes qui sont des papillons nocturnes, il est actif en plein jour.<br \/>\nLa Panth\u00e8re est \u00e9galement une Phal\u00e8ne ais\u00e9ment visible de jour sur les lisi\u00e8res foresti\u00e8res riches en fleurs comme le Lamier out la Sauge.<\/p>\n<p style=\"text-align: left;\">Sous terre \u00e0 l\u2019abri des regards une importante mutation a eu lieu, celle-ci a d\u00e9but\u00e9 d\u00e8s la fin de l\u2019hiver et se prolonge durant toute a saison estivale. Elle a transform\u00e9 de nombreux \u0153ufs ou larves en insectes adultes en passant par de nombreuses mues qui modifient la taille et l\u2019aspect de la larve. De nombreux oiseaux se reproduisent alors synchronisant leur nidification avec cette p\u00e9riode d\u2019abondance de nourriture qui leur est offerte et qui est essentielle \u00e0 l\u2019\u00e9levage de leur couv\u00e9e.<br \/>\nLes pontes d\u2019insectes comportent souvent des centaines d\u2019\u0153ufs voir davantage, mais seule une infime partie atteindra le stade adulte. Tous, tant\u00f4t pr\u00e9dateurs, tant\u00f4t proies ils sont un maillon essentiel dans la cha\u00eene de la vie. Une cohorte de pr\u00e9dateurs grands ou petits aura la lourde t\u00e2che de maintenir l\u2019\u00e9quilibre dans notre environnement. Les araign\u00e9es et les fourmis qui ne sont pourtant pas toujours les bienvenus participent \u00e9galement tr\u00e8s activement \u00e0 ce travail colossal.<\/p>\n<p style=\"text-align: left;\">Les premi\u00e8res abeilles sauvages \u00e9mergent en Mars. Ce sont souvent des femelles\u00a0 qui ont hivern\u00e9 au stade adulte dans une petite loge qu\u2019elles ont am\u00e9nag\u00e9s le plus souvent dans le sol, mais pour d\u2019autres aussi dans le bois mort ou les cavit\u00e9s naturelles des pierres. Celles-ci r\u00e9colteront alors le nectar et le pollen sur les fleurs printani\u00e8res afin de nourrir leurs larves qui \u00e9mergent au cours du printemps et de l\u2019\u00e9t\u00e9. Si les fleurs de pissenlit sont particuli\u00e8rement appr\u00e9ci\u00e9es en d\u00e9but de printemps l\u2019\u00e9volution de la flore diversifiera rapidement les sources de nourriture et donc aussi la vari\u00e9t\u00e9 des pollinisateurs.<br \/>\nCertaines abeilles tr\u00e8s rares peuvent encore \u00eatre vues chez nous d\u00e8s le printemps dont Melecta luctuosa (malheureusement aucun nom vernaculaire n\u2019existe pour cette abeille comme pour de nombreux insectes). Celle-ci vit aux d\u00e9pends d\u2019autres abeilles souvent tout aussi rares. Cette ann\u00e9e une seule observation a pu confirmer sa pr\u00e9sence tr\u00e8s localis\u00e9e \u00e0 Lembach bien que les fleurs qu\u2019elle butine soient encore bien r\u00e9pandues. Elle est en fort d\u00e9clin partout, dans le Baden W\u00fcrttemberg voisin elle est class\u00e9e en liste rouge 2 soit tr\u00e8s menac\u00e9e d\u2019extinction.<\/p>\n<p style=\"text-align: left;\">Au cours du mois de Mai les premi\u00e8res libellules ont \u00e9merg\u00e9 des milieux aquatiques, \u00e0 l\u2019\u00e9tang du Fleckenstein notamment. Elles ont pass\u00e9 parfois plusieurs ann\u00e9es dans l\u2019eau sous forme de larves pr\u00e9datrices avant de se transformer en insectes ail\u00e9s grands consommateurs de mouches moucherons et m\u00eame d\u2019hym\u00e9nopt\u00e8res.<\/p>\n<p style=\"text-align: left;\">Les tritons alpestres et les salamandres sont retourn\u00e9s dans leurs mares et foss\u00e9s remplis par les eaux de l\u2019hiver et du printemps pour s\u2019y reproduire. De nombreuses jeunes salamandres colonisent les milieux humides d\u00e9s la fin de l\u2019hiver mais n\u2019en sortiront qu\u2019en d\u00e9but d\u2019\u00e9t\u00e9. Les salamandres adultes ne restent pas dans l\u2019eau, elles nagent tr\u00e8s mal, elles sont ovovivipares et pondent donc des jeunes d\u00e9j\u00e0 form\u00e9s en bordure des sites de reproduction.<br \/>\nLe triton palm\u00e9 est plus rare que le triton alpestre et fr\u00e9quente les m\u00eames milieux, il lui ressemble beaucoup mais il est plus petit et se caract\u00e9rise par ses pattes arri\u00e8res palm\u00e9es.<br \/>\nLe sonneur \u00e0 ventre jaune, petit crapaud devenu rare de 3 centim\u00e8tres semble bien avoir disparu de la for\u00eat de la Kaiserschell probablement en raison de la fermeture naturelle du milieu. Il se contente de petits foss\u00e9s ou orni\u00e8res situ\u00e9s mi-ombre mi-lumi\u00e8re, mais il pourrait bien encore \u00eatre pr\u00e9sent localement \u00e0 Mattstall.<\/p>\n<p style=\"text-align: left;\">Sur les pr\u00e9s entre Lembach et Wingen l\u2019orchis bouffon est la premi\u00e8re orchid\u00e9e \u00e0 faire son apparition, elle est souvent commune, g\u00e9n\u00e9ralement de couleur pourpre, elle peut n\u00e9anmoins parfois se pr\u00e9senter une forme totalement blanche. Elle y c\u00f4toie souvent l\u2019orchis br\u00fbl\u00e9 beaucoup plus discr\u00e8te et dont le nombre a diminu\u00e9 ces derni\u00e8res ann\u00e9es. L\u2019orchis grenouille semble m\u00eame avoir disparu suite \u00e0 l\u2019\u00e9volution des pratiques agricoles appauvrissant in\u00e9luctablement la diversit\u00e9 floristique.<br \/>\nL\u2019orchis \u00e0 larges feuilles est la seule orchid\u00e9e pr\u00e9sente chez nous sur les pr\u00e9s humides, elle est bien reconnaissable \u00e0 ses feuilles tachet\u00e9es.<br \/>\nLes friches calcaires comportent des orchid\u00e9es plus rares aimant la chaleur et profitant des sols naturellement bien drain\u00e9s. L\u2019orchis pourpre est une grande esp\u00e8ce, elle est localement bien visible et fleurit d\u00e8s le d\u00e9but du mois de Mai. Elle c\u00f4toie parfois l\u2019orchis militaire, l\u2019orchis m\u00e2le et l\u2019orchis bouc qui se singularise par ses fleurs tr\u00e8s allong\u00e9es et d\u00e9gageant une odeur parfois d\u00e9sagr\u00e9able. La List\u00e8re ovale est commune mais passe souvent inaper\u00e7ue par sa couleur totalement verte, elle affectionne les endroits frais et ombrag\u00e9s.<br \/>\nD\u2019autres orchid\u00e9es appara\u00eetront encore jusqu\u2019en juillet.<br \/>\n50 % des orchid\u00e9es d\u2019Alsace et des Vosges soit plus de 25 vari\u00e9t\u00e9s, sont pr\u00e9sentes dans la Haute vall\u00e9e de la Sauer et t\u00e9moignent \u00e9galement de la richesse de notre environnement.<\/p>\n<p style=\"text-align: left;\">Durant tout l\u2019\u00e9t\u00e9 la symbiose entre faune et flore permettra le d\u00e9veloppement d\u2019une vie foisonnante mais souvent discr\u00e8te dans un environnement harmonieux vari\u00e9 et naturel permettant toujours de nombreuses d\u00e9couvertes ce qui en fait \u00e9galement l\u2019attrait de nombreux citadins.<\/p>\n<p style=\"text-align: right;\">texte et photos <em><strong>Fran\u00e7ois Spill<\/strong><\/em><\/p>\n\n\t\t<style type=\"text\/css\">\n\t\t\t#gallery-2 {\n\t\t\t\tmargin: auto;\n\t\t\t}\n\t\t\t#gallery-2 .gallery-item {\n\t\t\t\tfloat: left;\n\t\t\t\tmargin-top: 10px;\n\t\t\t\ttext-align: center;\n\t\t\t\twidth: 25%;\n\t\t\t}\n\t\t\t#gallery-2 img {\n\t\t\t\tborder: 2px solid #cfcfcf;\n\t\t\t}\n\t\t\t#gallery-2 .gallery-caption {\n\t\t\t\tmargin-left: 0;\n\t\t\t}\n\t\t\t\/* see gallery_shortcode() in wp-includes\/media.php *\/\n\t\t<\/style>\n\t\t<div id='gallery-2' class='gallery galleryid-275 gallery-columns-4 gallery-size-thumbnail'><dl class='gallery-item'>\n\t\t\t<dt class='gallery-icon landscape'>\n\t\t\t\t<a href='https:\/\/www.lembach.fr\/mairie\/decouvrir\/nature\/f_spill_printemps2_01\/'><img loading=\"lazy\" decoding=\"async\" width=\"150\" height=\"150\" src=\"https:\/\/www.lembach.fr\/mairie\/wp-content\/uploads\/2016\/05\/f_spill_printemps2_01-150x150.jpg\" class=\"attachment-thumbnail size-thumbnail\" alt=\"\" aria-describedby=\"gallery-2-3825\" \/><\/a>\n\t\t\t<\/dt>\n\t\t\t\t<dd class='wp-caption-text gallery-caption' id='gallery-2-3825'>\n\t\t\t\tAbeille sauvage Euc\u00e8re m\u00e2le remarquable par ses ses longues antennes sur la Vesce des haies\n\t\t\t\t<\/dd><\/dl><dl class='gallery-item'>\n\t\t\t<dt class='gallery-icon landscape'>\n\t\t\t\t<a href='https:\/\/www.lembach.fr\/mairie\/decouvrir\/nature\/f_spill_printemps2_02\/'><img loading=\"lazy\" decoding=\"async\" width=\"150\" height=\"150\" src=\"https:\/\/www.lembach.fr\/mairie\/wp-content\/uploads\/2016\/05\/f_spill_printemps2_02-150x150.jpg\" class=\"attachment-thumbnail size-thumbnail\" alt=\"\" aria-describedby=\"gallery-2-3826\" \/><\/a>\n\t\t\t<\/dt>\n\t\t\t\t<dd class='wp-caption-text gallery-caption' id='gallery-2-3826'>\n\t\t\t\tAbeille sauvage Halicte sur Orchis pourpre\n\t\t\t\t<\/dd><\/dl><dl class='gallery-item'>\n\t\t\t<dt class='gallery-icon landscape'>\n\t\t\t\t<a href='https:\/\/www.lembach.fr\/mairie\/decouvrir\/nature\/f_spill_printemps2_03\/'><img loading=\"lazy\" decoding=\"async\" width=\"150\" height=\"150\" src=\"https:\/\/www.lembach.fr\/mairie\/wp-content\/uploads\/2016\/05\/f_spill_printemps2_03-150x150.jpg\" class=\"attachment-thumbnail size-thumbnail\" alt=\"\" aria-describedby=\"gallery-2-3827\" \/><\/a>\n\t\t\t<\/dt>\n\t\t\t\t<dd class='wp-caption-text gallery-caption' id='gallery-2-3827'>\n\t\t\t\tArgus vert, le dessous est vert mais le dessus est brun chocolat\n\t\t\t\t<\/dd><\/dl><dl class='gallery-item'>\n\t\t\t<dt class='gallery-icon landscape'>\n\t\t\t\t<a href='https:\/\/www.lembach.fr\/mairie\/decouvrir\/nature\/f_spill_printemps2_04\/'><img loading=\"lazy\" decoding=\"async\" width=\"150\" height=\"150\" src=\"https:\/\/www.lembach.fr\/mairie\/wp-content\/uploads\/2016\/05\/f_spill_printemps2_04-150x150.jpg\" class=\"attachment-thumbnail size-thumbnail\" alt=\"\" aria-describedby=\"gallery-2-3828\" \/><\/a>\n\t\t\t<\/dt>\n\t\t\t\t<dd class='wp-caption-text gallery-caption' id='gallery-2-3828'>\n\t\t\t\tAurore de la cardamine sur la cardamine\n\t\t\t\t<\/dd><\/dl><br style=\"clear: both\" \/><dl class='gallery-item'>\n\t\t\t<dt class='gallery-icon landscape'>\n\t\t\t\t<a href='https:\/\/www.lembach.fr\/mairie\/decouvrir\/nature\/f_spill_printemps2_05\/'><img loading=\"lazy\" decoding=\"async\" width=\"150\" height=\"150\" src=\"https:\/\/www.lembach.fr\/mairie\/wp-content\/uploads\/2016\/05\/f_spill_printemps2_05-150x150.jpg\" class=\"attachment-thumbnail size-thumbnail\" alt=\"\" aria-describedby=\"gallery-2-3829\" \/><\/a>\n\t\t\t<\/dt>\n\t\t\t\t<dd class='wp-caption-text gallery-caption' id='gallery-2-3829'>\n\t\t\t\tL&rsquo;Ensanglant\u00e9e de l&rsquo;oseille\n\t\t\t\t<\/dd><\/dl><dl class='gallery-item'>\n\t\t\t<dt class='gallery-icon landscape'>\n\t\t\t\t<a href='https:\/\/www.lembach.fr\/mairie\/decouvrir\/nature\/f_spill_printemps2_06\/'><img loading=\"lazy\" decoding=\"async\" width=\"150\" height=\"150\" src=\"https:\/\/www.lembach.fr\/mairie\/wp-content\/uploads\/2016\/05\/f_spill_printemps2_06-150x150.jpg\" class=\"attachment-thumbnail size-thumbnail\" alt=\"\" aria-describedby=\"gallery-2-3830\" \/><\/a>\n\t\t\t<\/dt>\n\t\t\t\t<dd class='wp-caption-text gallery-caption' id='gallery-2-3830'>\n\t\t\t\tMachaon\n\t\t\t\t<\/dd><\/dl><dl class='gallery-item'>\n\t\t\t<dt class='gallery-icon landscape'>\n\t\t\t\t<a href='https:\/\/www.lembach.fr\/mairie\/decouvrir\/nature\/f_spill_printemps2_07\/'><img loading=\"lazy\" decoding=\"async\" width=\"150\" height=\"150\" src=\"https:\/\/www.lembach.fr\/mairie\/wp-content\/uploads\/2016\/05\/f_spill_printemps2_07-150x150.jpg\" class=\"attachment-thumbnail size-thumbnail\" alt=\"\" aria-describedby=\"gallery-2-3831\" \/><\/a>\n\t\t\t<\/dt>\n\t\t\t\t<dd class='wp-caption-text gallery-caption' id='gallery-2-3831'>\n\t\t\t\tMelecta luctuosa sur Vesce des haies\n\t\t\t\t<\/dd><\/dl><dl class='gallery-item'>\n\t\t\t<dt class='gallery-icon portrait'>\n\t\t\t\t<a href='https:\/\/www.lembach.fr\/mairie\/decouvrir\/nature\/f_spill_printemps2_08\/'><img loading=\"lazy\" decoding=\"async\" width=\"150\" height=\"150\" src=\"https:\/\/www.lembach.fr\/mairie\/wp-content\/uploads\/2016\/05\/f_spill_printemps2_08-150x150.jpg\" class=\"attachment-thumbnail size-thumbnail\" alt=\"\" aria-describedby=\"gallery-2-3832\" \/><\/a>\n\t\t\t<\/dt>\n\t\t\t\t<dd class='wp-caption-text gallery-caption' id='gallery-2-3832'>\n\t\t\t\tOrchis \u00e0 feuilles larges \u00e0 gauche et bugle rampante\n\t\t\t\t<\/dd><\/dl><br style=\"clear: both\" \/><dl class='gallery-item'>\n\t\t\t<dt class='gallery-icon portrait'>\n\t\t\t\t<a href='https:\/\/www.lembach.fr\/mairie\/decouvrir\/nature\/f_spill_printemps2_09\/'><img loading=\"lazy\" decoding=\"async\" width=\"150\" height=\"150\" src=\"https:\/\/www.lembach.fr\/mairie\/wp-content\/uploads\/2016\/05\/f_spill_printemps2_09-150x150.jpg\" class=\"attachment-thumbnail size-thumbnail\" alt=\"\" aria-describedby=\"gallery-2-3833\" \/><\/a>\n\t\t\t<\/dt>\n\t\t\t\t<dd class='wp-caption-text gallery-caption' id='gallery-2-3833'>\n\t\t\t\tOrchis bouc \u00e0 gauche et Orchis pourpre \u00e0 droite\n\t\t\t\t<\/dd><\/dl><dl class='gallery-item'>\n\t\t\t<dt class='gallery-icon portrait'>\n\t\t\t\t<a href='https:\/\/www.lembach.fr\/mairie\/decouvrir\/nature\/f_spill_printemps2_10\/'><img loading=\"lazy\" decoding=\"async\" width=\"150\" height=\"150\" src=\"https:\/\/www.lembach.fr\/mairie\/wp-content\/uploads\/2016\/05\/f_spill_printemps2_10-150x150.jpg\" class=\"attachment-thumbnail size-thumbnail\" alt=\"\" aria-describedby=\"gallery-2-3834\" \/><\/a>\n\t\t\t<\/dt>\n\t\t\t\t<dd class='wp-caption-text gallery-caption' id='gallery-2-3834'>\n\t\t\t\tOrchis bouffon\n\t\t\t\t<\/dd><\/dl><dl class='gallery-item'>\n\t\t\t<dt class='gallery-icon landscape'>\n\t\t\t\t<a href='https:\/\/www.lembach.fr\/mairie\/decouvrir\/nature\/if-23\/'><img loading=\"lazy\" decoding=\"async\" width=\"150\" height=\"150\" src=\"https:\/\/www.lembach.fr\/mairie\/wp-content\/uploads\/2016\/05\/f_spill_printemps2_11-150x150.jpg\" class=\"attachment-thumbnail size-thumbnail\" alt=\"\" aria-describedby=\"gallery-2-3835\" \/><\/a>\n\t\t\t<\/dt>\n\t\t\t\t<dd class='wp-caption-text gallery-caption' id='gallery-2-3835'>\n\t\t\t\tPanth\u00e8re\n\t\t\t\t<\/dd><\/dl><dl class='gallery-item'>\n\t\t\t<dt class='gallery-icon landscape'>\n\t\t\t\t<a href='https:\/\/www.lembach.fr\/mairie\/decouvrir\/nature\/f_spill_printemps2_12\/'><img loading=\"lazy\" decoding=\"async\" width=\"150\" height=\"150\" src=\"https:\/\/www.lembach.fr\/mairie\/wp-content\/uploads\/2016\/05\/f_spill_printemps2_12-150x150.jpg\" class=\"attachment-thumbnail size-thumbnail\" alt=\"\" aria-describedby=\"gallery-2-3836\" \/><\/a>\n\t\t\t<\/dt>\n\t\t\t\t<dd class='wp-caption-text gallery-caption' id='gallery-2-3836'>\n\t\t\t\tPetite nymphe au corps de feu\n\t\t\t\t<\/dd><\/dl><br style=\"clear: both\" \/><dl class='gallery-item'>\n\t\t\t<dt class='gallery-icon landscape'>\n\t\t\t\t<a href='https:\/\/www.lembach.fr\/mairie\/decouvrir\/nature\/f_spill_printemps2_13\/'><img loading=\"lazy\" decoding=\"async\" width=\"150\" height=\"150\" src=\"https:\/\/www.lembach.fr\/mairie\/wp-content\/uploads\/2016\/05\/f_spill_printemps2_13-150x150.jpg\" class=\"attachment-thumbnail size-thumbnail\" alt=\"\" aria-describedby=\"gallery-2-3837\" \/><\/a>\n\t\t\t<\/dt>\n\t\t\t\t<dd class='wp-caption-text gallery-caption' id='gallery-2-3837'>\n\t\t\t\tPrintemps \u00e0 Lembach\n\t\t\t\t<\/dd><\/dl><dl class='gallery-item'>\n\t\t\t<dt class='gallery-icon landscape'>\n\t\t\t\t<a href='https:\/\/www.lembach.fr\/mairie\/decouvrir\/nature\/f_spill_printemps2_14\/'><img loading=\"lazy\" decoding=\"async\" width=\"150\" height=\"150\" src=\"https:\/\/www.lembach.fr\/mairie\/wp-content\/uploads\/2016\/05\/f_spill_printemps2_14-150x150.jpg\" class=\"attachment-thumbnail size-thumbnail\" alt=\"\" aria-describedby=\"gallery-2-3838\" \/><\/a>\n\t\t\t<\/dt>\n\t\t\t\t<dd class='wp-caption-text gallery-caption' id='gallery-2-3838'>\n\t\t\t\tTriron alpestre\n\t\t\t\t<\/dd><\/dl>\n\t\t\t<br style='clear: both' \/>\n\t\t<\/div>\n\n<p><\/div>\n\n<div class='GTTabs_divs' id='GTTabs_2_275'>\n<span class='GTTabs_titles'><b>\u00c9t\u00e9<\/b><\/span><\/p>\n<p>Les belles journ\u00e9es estivales nous ont rapidement fait oublier les d\u00e9sagr\u00e9ments du printemps et au cours de cette saison estivale la nature nous a d\u00e9voil\u00e9 de nombreux tr\u00e9sors.<br \/>\nCela avait pourtant bien mal commenc\u00e9. En raison des conditions climatiques tr\u00e8s d\u00e9favorables de ce printemps de nombreuses nich\u00e9es d\u2019oiseaux ont \u00e9t\u00e9 d\u00e9truites ou n\u2019ont pu \u00eatre aliment\u00e9es faute de nourriture disponible. Pour pallier \u00e0 ces intemp\u00e9ries beaucoup peuvent accomplir des pontes de remplacement d\u00e8s que les conditions redeviennent favorables.<br \/>\nLa pollinisation des fleurs n\u2019a pas pu se faire dans conditions optimales mais chaque rayon de soleil a \u00e9t\u00e9 mis \u00e0 profit par les abeilles et les papillons entre autres pour accomplir leur t\u00e2che permettant leur reproduction et celle de plantes.<br \/>\nAvec cet afflux d\u2019humidit\u00e9 les herbes ont pouss\u00e9 de fa\u00e7on impressionnante emp\u00eachant la pousse de certaines fleurs li\u00e9es aux milieux tr\u00e8s secs et ras. Certaines plantes comme les orchid\u00e9es n\u2019ont pas ou presque pas pu fleurir dans ces conditions, l\u2019orchis pyramidal, l\u2019ophrys abeille et l\u2019orchis bouc n\u2019ont \u00e9t\u00e9 vus que tr\u00e8s rarement.<\/p>\n<p>Les Martinets noirs sont repartis en Afrique fin Juillet, les Coucous aussi laissant leurs jeunes \u00e9lev\u00e9s isol\u00e9ment par diff\u00e9rents petits oiseaux retrouver tout seul le long chemin qui les m\u00e8nera en Afrique guid\u00e9s par leur instinct inn\u00e9.<\/p>\n<p>Fin Mai 2015 j\u2019avais eu la grande surprise de d\u00e9couvrir un tout petit papillon qui apr\u00e8s de nombreuses recherches s\u2019est r\u00e9v\u00e9l\u00e9 \u00eatre une premi\u00e8re observation pour toute la France.<br \/>\nCette ann\u00e9e j\u2019ai eu la chance de le retrouver sur un site calcaire au-dessus du village pour en capturer un qui apr\u00e8s analyse par un sp\u00e9cialiste national a bien confirm\u00e9 qu\u2019il s\u2019agissait d\u2019une nouveaut\u00e9 pour la France. Suite \u00e0 cette d\u00e9couverte j\u2019ai \u00e9t\u00e9 amen\u00e9 en septembre 2016 \u00e0 publier un article la revue Oreina traitant des papillons de France.<br \/>\nMalheureusement ce site a depuis connu de grands bouleversements entra\u00eenant la disparition de nombreuses richesses dans notre biodiversit\u00e9 comme la gentiane cili\u00e9e, l\u2019abeille parasite Dioxys tridentata tr\u00e8s rare et menac\u00e9e partout et qui a d\u00e9j\u00e0 disparu du Palatinat.<br \/>\nUne faune et une flore riche avaient su profiter des espaces naturels d\u00e9laiss\u00e9s temporairement par l\u2019homme. Une centaine de petites abeilles plus ou moins communes pouvait y nicher sur\u00a0 1 m\u00b2 dans le sol pierreux, milieu qui leurs \u00e9tait tr\u00e8s favorables. Sa perturbation entra\u00eene in\u00e9vitablement une importante perte de biodiversit\u00e9.<\/p>\n<p>Le Steinbach et la Sauer abritent le Gomphe serpentin une libellule que l\u2019on peut facilement observer m\u00eame \u00e0 quelque distance de l\u2019eau chassant les insectes \u00e0 l\u2019aff\u00fbt sur une branche ou au sol se chauffant au soleil. Si celle-ci n\u2019est pas rare chez nous ce n\u2019est pas pour autant une esp\u00e8ce commune partout, elle est absente dans la plus grande partie de la France. Il s\u2019agit d\u2019une libellule prot\u00e9g\u00e9e dont les populations peuvent \u00eatre menac\u00e9es par la d\u00e9gradation de la qualit\u00e9 des cours d\u2019eau o\u00f9 elle se reproduit.<\/p>\n<p>D\u00e9but Septembre les p\u00eacheurs de l\u2019\u00e9tang du Fleckenstein on pu assister \u00e0 un spectacle rare avec la pr\u00e9sence d\u2019un Balbuzard p\u00eacheur plongeant r\u00e9guli\u00e8rement dans l\u2019eau essayant d\u2019attraper un gros poisson avec ses griffes ac\u00e9r\u00e9es. Il s\u2019agit d\u2019un aigle p\u00eacheur de grande taille qui passe parfois chez nous lors de ses migrations d\u2019automne ou de printemps. Gr\u00e2ce \u00e0 la protection dont il b\u00e9n\u00e9ficie actuellement ses effectifs sont en augmentation et les chances de l\u2019observer aussi.<\/p>\n<p>Cet \u00e9t\u00e9 j\u2019ai d\u00e9couvert le Grillon d\u2019Italie qui est pr\u00e9sent tr\u00e8s localement dans les friches bien expos\u00e9es au soleil il est beaucoup plus rare que les grillons champ\u00eatres et des bois, on entend son chant monotone mais puissant lors des journ\u00e9es d\u2019\u00e9t\u00e9 sans vent.<br \/>\nLa Mante religieuse est encore bien pr\u00e9sente sur un site \u00e0 Lembach dans un milieu pierreux et chaud. Les \u0153ufs ont \u00e9clos fin Mai et les larves, r\u00e9pliques minuscules des adultes adoptent imm\u00e9diatement un comportement pr\u00e9dateur et se nourrissent de toutes les formes de vie qui leur sont accessibles. Elles seront \u00e9galement la proie des nombreux pr\u00e9dateurs comme les oiseaux. 3 mois plus tard elles seront adultes et apr\u00e8s l\u2019accouplement le m\u00e2le sera parfois d\u00e9vor\u00e9 par la femelle qui n\u2019y verra plus que source de prot\u00e9ines pour permettre le d\u00e9veloppement optimal de ses \u0153ufs avant la ponte. Elle se pr\u00e9sente sous deux couleurs, principalement verte mais la forme brune n\u2019est pas rare, elles sont ainsi presque invisibles dans leur environnement.<\/p>\n<p>Les serpents en font partie de ces animaux craints pour leur apparence hostile. Seules 2 esp\u00e8ces de couleuvres sont pr\u00e9sentes chez nous, la couleuvre \u00e0 collier qui est fr\u00e9quente dans les milieux humides et la coronelle lisse plus petite souvent confondue avec une vip\u00e8re. Ces serpents inoffensifs pour l\u2019homme sont totalement prot\u00e9g\u00e9s en France. Ils se nourrissent principalement de petits rongeurs et de batraciens, surtout dans les endroits humides mais parfois aussi parfois dans des milieux tr\u00e8s secs. Leur pupille ronde les diff\u00e9rencie des vip\u00e8res.<br \/>\nMalgr\u00e9 son apparence l\u2019orvet n\u2019est pas un serpent mais un l\u00e9zard qui a perdu ses pattes au fil l\u2019\u00e9volution, il passe beaucoup de temps sous terre chassant des insectes et des vers de terre, on le rencontre parfois dans les jardins du village.<\/p>\n<p>L\u2019Aster amelle est bien repr\u00e9sent\u00e9 \u00e0 Lembach autour d\u2019une ancienne carri\u00e8re dans un milieu calcaire bien expos\u00e9 au soleil. Cette plante tr\u00e8s rare est totalement prot\u00e9g\u00e9e en France, elle affectionne la chaleur et ne doit certainement sa pr\u00e9sence actuelle qu\u2019\u00e0 son acc\u00e8s difficile. Elle est aussi pr\u00e9sente \u00e0\u00a0 Wingen dans un site g\u00e9r\u00e9 par le Conservatoire des Sites Alsaciens. En Allemagne la station la plus proche se trouve beaucoup plus au Sud dans l\u2019ancien massif volcanique du Kaiserstuhl.<\/p>\n<p>Du c\u00f4t\u00e9 des abeilles sauvages au cours de cet \u00e9t\u00e9 2016 la prospection d\u2019une ancienne carri\u00e8re de calcaire a\u00a0 r\u00e9serv\u00e9 de belles d\u00e9couvertes comme Andrena schencki qui recherche de Mai \u00e0 Juillet des milieux tr\u00e8s fleuris avec notamment de grands massifs de tr\u00e8fles, Megachile pyrenaea qui \u00e9tait aussi pr\u00e9sent sur le site en travaux en 2016 a \u00e9t\u00e9 retrouv\u00e9 dans ce milieu tr\u00e8s pierreux. Osmia ravouxi a \u00e9galement \u00e9t\u00e9 vue construisant son nid dans une petite fente de rocher. Ces 3 abeilles sont toutes tr\u00e8s rares et sur liste rouge en Allemagne et ne figuraient pas encore sur la liste des abeilles sauvages d\u2019Alsace d\u00e9j\u00e0 riche de 355 esp\u00e8ces diff\u00e9rentes (2015).<\/p>\n<p>La petite abeille parasite Coelioxys afra elle aussi tr\u00e8s menac\u00e9e partout fr\u00e9quente les friches fleuries o\u00f9 nichent leurs h\u00f4tes, principalement Megachile pilidens qui est presque aussi rare. Celle-ci a pourtant \u00e9t\u00e9 r\u00e9guli\u00e8rement \u00e9t\u00e9 vue cette ann\u00e9e dans ce milieu pierreux \u00e0 Lembach. Pr\u00e8s de 25 % des abeilles sauvages sont des esp\u00e8ces parasites (appel\u00e9es aussi abeilles coucou), celles-ci ne construisent pas de nid mais pondent dans les nids d\u2019autres abeilles, leurs larves se d\u00e9velopperont au d\u00e9triment de leur h\u00f4te. Elles sont toutes sp\u00e9cialis\u00e9es sur une ou plusieurs abeilles. Au final presque toutes les abeilles sauvages poss\u00e8dent leur hym\u00e9nopt\u00e8re parasite, m\u00eame les bourdons sont parasit\u00e9s par des bourdons coucous d\u2019apparence souvent tr\u00e8s similaires. La nature \u00e9tant bien faite, un \u00e9quilibre immuable entre parasites, pr\u00e9dateurs et proies s\u2019\u00e9tablit comme cela a toujours \u00e9t\u00e9 et chaque esp\u00e8ce sera en mesure d\u2019assurer sa descendance.<\/p>\n<p>Sur les petits talus de sable sous le Schuhfels subsiste quelques taches de Callune (bruy\u00e8re) qui m\u2019ont permis de retrouver 2 vari\u00e9t\u00e9s d\u2019abeilles tr\u00e8s rares : Andrena fuscipes et Colletes succintus toutes 2 li\u00e9es exclusivement \u00e0 cette plante qui m\u00e9riterait toute notre attention afin de pr\u00e9server leurs milieux de vie. Ces 2 abeilles sauvages sont class\u00e9es en danger ou vuln\u00e9rable dans le livre rouge des esp\u00e8ces menac\u00e9es en Alsace ainsi qu\u2019en Allemagne.<br \/>\nA l\u2019\u00e9tang du Fleckenstein la Salicaire fleurit en ao\u00fbt, il s\u2019agit d\u2019une belle et grande plante assez commune chez nous dans les milieux humides. Cette ann\u00e9e j\u2019y ai pu voir de nombreuses abeilles sauvages Melitta nigricans qui butinent exclusivement sur ces fleurs tout au long de leur floraison. Il s\u2019agit d\u2019une abeille qui s\u2019est fortement rar\u00e9fi\u00e9e en Alsace comme en Allemagne en raison de la fauche fr\u00e9quente des fleurs juste avant ou pendant leur floraison.<\/p>\n<p>La Coll\u00e8te du Lierre est apparue depuis une dizaine d\u2019ann\u00e9e dans notre r\u00e9gion, au d\u00e9part beaucoup plus m\u00e9ridionale elle a entrepris une rapide remont\u00e9e vers le Nord et une colonie de quelques dizaines de nids se reproduit dans un talus calcaire \u00e0 Lembach, celle-ci butine presque exclusivement sur les discr\u00e8tes fleurs de lierre en fin d\u2019\u00e9t\u00e9.<br \/>\n.<br \/>\nLes Chrysis ou gu\u00eapes dor\u00e9es sont de petites gu\u00eapes aux couleurs vives, leur taille ne d\u00e9passe g\u00e9n\u00e9ralement pas 1 cm. Celles-ci vivent toutes en parasites aux d\u00e9pends de nombreuses abeilles sauvages dont les Osmies autour desquelles ils rodent en permanence guettant le moment propice pour p\u00e9n\u00e9trer dans le nid. Il existe chez nous une grande vari\u00e9t\u00e9 de Chrysis, chacun poss\u00e8de son ornementation caract\u00e9ristique alternant les diff\u00e9rentes nuances de bleu, de rouge et de vert.<\/p>\n<p>Abeille, gu\u00eape, mouche ? Et si c\u2019\u00e9tait un papillon ? Il faut souvent un \u0153il attentif pour les diff\u00e9rencier. Beaucoup d\u2019insectes font tout pour para\u00eetre plus dangereux qu\u2019ils ne sont en r\u00e9alit\u00e9. Les S\u00e9sies sont des papillons diurnes difficiles \u00e0 voir et ils poss\u00e8dent tous cette particularit\u00e9 qui peut faire reculer plus d\u2019un pr\u00e9dateur.<br \/>\nUne quinzaine d\u2019esp\u00e8ces de S\u00e9sies ont d\u00e9j\u00e0 \u00e9t\u00e9 trouv\u00e9es autour de Lembach dont la plus grande la S\u00e9sie du peuplier ressemblant \u00e0 un gros frelon et la plus rare la S\u00e9sie de la bugrane dont la seule station connue dans l\u2019est de la France a malheureusement \u00e9t\u00e9 d\u00e9truite en 2016 suite aux travaux de construction sur le site qui l\u2019abritait. Sa red\u00e9couverte reste possible mais les grands massifs de bugrane, plante indispensable au d\u00e9veloppement de ce papillon sont tr\u00e8s rares et li\u00e9s aux friches calcaires.<\/p>\n<p>La Th\u00e9cla du bouleau bien que de taille modeste fait partie de nos plus beaux papillons. En g\u00e9n\u00e9ral c\u2019est vu du dessus des ailes que les motifs se d\u00e9voilent. Mais pour ce papillon c\u2019est le dessous des ailes qui le rend attractif. Cette ann\u00e9e je ne l\u2019ai vu qu\u2019une seule fois en Ao\u00fbt le long d\u2019un chemin forestier sablonneux. Il appr\u00e9cie les lisi\u00e8res foresti\u00e8res riches en v\u00e9g\u00e9tation\u00a0 comportant de petits bouleaux mais aussi des prunelliers sur lesquels les chenilles se nourrissent.<\/p>\n<p>L\u2019Ecaille chin\u00e9e est un magnifique papillon nocturne, mais \u00e9galement bien visible le jour sur les Eupatoires chanvrines qui fleurissent en Ao\u00fbt. Souvent il se tient les ailes ferm\u00e9es et reste tr\u00e8s discret, \u00e0 la moindre alerte il fait appara\u00eetre ses ailes post\u00e9rieures d\u2019un rouge \u00e9clatant ce qui peut faire fuir bien des pr\u00e9dateurs.<\/p>\n<p>Passer inaper\u00e7u dans son environnement est le meilleur moyen de d\u00e9fense de nombreuses formes de vie. Au fil de l\u2019\u00e9volution certains y ont r\u00e9ussi de fa\u00e7on spectaculaire tel le Buc\u00e9phale, papillon de nuit d\u2019une envergure de 5 \u00e0 6 cm, pas rare en for\u00eat, mais plus d\u2019une fois ses ennemis se laisseront berner par cette apparence de d\u00e9bris v\u00e9g\u00e9tal immobile en journ\u00e9e.<\/p>\n<p>Les animaux grands ou petits ainsi que les fleurs ne sont l\u00e0 par hasard pour d\u00e9corer notre environnement, chaque \u00e9l\u00e9ment y poss\u00e8de une place tr\u00e8s pr\u00e9cise dans le fonctionnement des \u00e9cosyst\u00e8mes. Ils t\u00e9moignent d\u2019un environnement potentiellement encore tr\u00e8s riche gr\u00e2ce \u00e0 la qualit\u00e9 de certains milieux.<\/p>\n<p>Une petite faune secr\u00e8te souvent remarquable par sa biologie, son int\u00e9r\u00eat \u00e9cologique ou sa raret\u00e9 occupe encore des milieux tr\u00e8s localis\u00e9s non soumis \u00e0 la convoitise humaine et agr\u00e9mente notre biodiversit\u00e9. Ils sont le refuge des nombreuses esp\u00e8ces rares et parfois uniques dans la r\u00e9gion. La conservation des quelques zones naturelles et leur gestion adapt\u00e9e sont indispensables \u00e0 la pr\u00e9servation de ces petits tr\u00e9sors naturels qui ont d\u00e9j\u00e0 disparu de tr\u00e8s nombreux endroit.<\/p>\n<p style=\"text-align: right;\">texte et photos Fran\u00e7ois Spill<\/p>\n\n\t\t<style type=\"text\/css\">\n\t\t\t#gallery-3 {\n\t\t\t\tmargin: auto;\n\t\t\t}\n\t\t\t#gallery-3 .gallery-item {\n\t\t\t\tfloat: left;\n\t\t\t\tmargin-top: 10px;\n\t\t\t\ttext-align: center;\n\t\t\t\twidth: 25%;\n\t\t\t}\n\t\t\t#gallery-3 img {\n\t\t\t\tborder: 2px solid #cfcfcf;\n\t\t\t}\n\t\t\t#gallery-3 .gallery-caption {\n\t\t\t\tmargin-left: 0;\n\t\t\t}\n\t\t\t\/* see gallery_shortcode() in wp-includes\/media.php *\/\n\t\t<\/style>\n\t\t<div id='gallery-3' class='gallery galleryid-275 gallery-columns-4 gallery-size-thumbnail'><dl class='gallery-item'>\n\t\t\t<dt class='gallery-icon landscape'>\n\t\t\t\t<a href='https:\/\/www.lembach.fr\/mairie\/decouvrir\/nature\/f_spill_ete_2016_19\/'><img loading=\"lazy\" decoding=\"async\" width=\"150\" height=\"150\" src=\"https:\/\/www.lembach.fr\/mairie\/wp-content\/uploads\/2016\/10\/f_spill_ete_2016_19-150x150.jpg\" class=\"attachment-thumbnail size-thumbnail\" alt=\"\" aria-describedby=\"gallery-3-4102\" \/><\/a>\n\t\t\t<\/dt>\n\t\t\t\t<dd class='wp-caption-text gallery-caption' id='gallery-3-4102'>\n\t\t\t\tVue de Lembach depuis le bas du Schuhfels\n\t\t\t\t<\/dd><\/dl><dl class='gallery-item'>\n\t\t\t<dt class='gallery-icon landscape'>\n\t\t\t\t<a href='https:\/\/www.lembach.fr\/mairie\/decouvrir\/nature\/f_spill_ete_2016_18\/'><img loading=\"lazy\" decoding=\"async\" width=\"150\" height=\"150\" src=\"https:\/\/www.lembach.fr\/mairie\/wp-content\/uploads\/2016\/10\/f_spill_ete_2016_18-150x150.jpg\" class=\"attachment-thumbnail size-thumbnail\" alt=\"\" aria-describedby=\"gallery-3-4101\" \/><\/a>\n\t\t\t<\/dt>\n\t\t\t\t<dd class='wp-caption-text gallery-caption' id='gallery-3-4101'>\n\t\t\t\tThecla du bouleau\n\t\t\t\t<\/dd><\/dl><dl class='gallery-item'>\n\t\t\t<dt class='gallery-icon landscape'>\n\t\t\t\t<a href='https:\/\/www.lembach.fr\/mairie\/decouvrir\/nature\/f_spill_ete_2016_17\/'><img loading=\"lazy\" decoding=\"async\" width=\"150\" height=\"150\" src=\"https:\/\/www.lembach.fr\/mairie\/wp-content\/uploads\/2016\/10\/f_spill_ete_2016_17-150x150.jpg\" class=\"attachment-thumbnail size-thumbnail\" alt=\"\" aria-describedby=\"gallery-3-4100\" \/><\/a>\n\t\t\t<\/dt>\n\t\t\t\t<dd class='wp-caption-text gallery-caption' id='gallery-3-4100'>\n\t\t\t\tS\u00e9sie de la bugrane\n\t\t\t\t<\/dd><\/dl><dl class='gallery-item'>\n\t\t\t<dt class='gallery-icon landscape'>\n\t\t\t\t<a href='https:\/\/www.lembach.fr\/mairie\/decouvrir\/nature\/f_spill_ete_2016_16\/'><img loading=\"lazy\" decoding=\"async\" width=\"150\" height=\"150\" src=\"https:\/\/www.lembach.fr\/mairie\/wp-content\/uploads\/2016\/10\/f_spill_ete_2016_16-150x150.jpg\" class=\"attachment-thumbnail size-thumbnail\" alt=\"\" aria-describedby=\"gallery-3-4099\" \/><\/a>\n\t\t\t<\/dt>\n\t\t\t\t<dd class='wp-caption-text gallery-caption' id='gallery-3-4099'>\n\t\t\t\tOsmia ravouxi construisant son nid\n\t\t\t\t<\/dd><\/dl><br style=\"clear: both\" \/><dl class='gallery-item'>\n\t\t\t<dt class='gallery-icon landscape'>\n\t\t\t\t<a href='https:\/\/www.lembach.fr\/mairie\/decouvrir\/nature\/f_spill_ete_2016_15\/'><img loading=\"lazy\" decoding=\"async\" width=\"150\" height=\"150\" src=\"https:\/\/www.lembach.fr\/mairie\/wp-content\/uploads\/2016\/10\/f_spill_ete_2016_15-150x150.jpg\" class=\"attachment-thumbnail size-thumbnail\" alt=\"\" aria-describedby=\"gallery-3-4098\" \/><\/a>\n\t\t\t<\/dt>\n\t\t\t\t<dd class='wp-caption-text gallery-caption' id='gallery-3-4098'>\n\t\t\t\tMellita nigricans sur la Salicaire\n\t\t\t\t<\/dd><\/dl><dl class='gallery-item'>\n\t\t\t<dt class='gallery-icon landscape'>\n\t\t\t\t<a href='https:\/\/www.lembach.fr\/mairie\/decouvrir\/nature\/f_spill_ete_2016_14\/'><img loading=\"lazy\" decoding=\"async\" width=\"150\" height=\"150\" src=\"https:\/\/www.lembach.fr\/mairie\/wp-content\/uploads\/2016\/10\/f_spill_ete_2016_14-150x150.jpg\" class=\"attachment-thumbnail size-thumbnail\" alt=\"\" aria-describedby=\"gallery-3-4097\" \/><\/a>\n\t\t\t<\/dt>\n\t\t\t\t<dd class='wp-caption-text gallery-caption' id='gallery-3-4097'>\n\t\t\t\tMegachile pyrenaena au nid dans cavit\u00e9 de pierre\n\t\t\t\t<\/dd><\/dl><dl class='gallery-item'>\n\t\t\t<dt class='gallery-icon landscape'>\n\t\t\t\t<a href='https:\/\/www.lembach.fr\/mairie\/decouvrir\/nature\/f_spill_ete_2016_13\/'><img loading=\"lazy\" decoding=\"async\" width=\"150\" height=\"150\" src=\"https:\/\/www.lembach.fr\/mairie\/wp-content\/uploads\/2016\/10\/f_spill_ete_2016_13-150x150.jpg\" class=\"attachment-thumbnail size-thumbnail\" alt=\"\" aria-describedby=\"gallery-3-4096\" \/><\/a>\n\t\t\t<\/dt>\n\t\t\t\t<dd class='wp-caption-text gallery-caption' id='gallery-3-4096'>\n\t\t\t\tMante religieuse femelle d\u00e9vorant un criquet\n\t\t\t\t<\/dd><\/dl><dl class='gallery-item'>\n\t\t\t<dt class='gallery-icon landscape'>\n\t\t\t\t<a href='https:\/\/www.lembach.fr\/mairie\/decouvrir\/nature\/f_spill_ete_2016_12\/'><img loading=\"lazy\" decoding=\"async\" width=\"150\" height=\"150\" src=\"https:\/\/www.lembach.fr\/mairie\/wp-content\/uploads\/2016\/10\/f_spill_ete_2016_12-150x150.jpg\" class=\"attachment-thumbnail size-thumbnail\" alt=\"\" aria-describedby=\"gallery-3-4095\" \/><\/a>\n\t\t\t<\/dt>\n\t\t\t\t<dd class='wp-caption-text gallery-caption' id='gallery-3-4095'>\n\t\t\t\tChrysura hybrida\n\t\t\t\t<\/dd><\/dl><br style=\"clear: both\" \/><dl class='gallery-item'>\n\t\t\t<dt class='gallery-icon landscape'>\n\t\t\t\t<a href='https:\/\/www.lembach.fr\/mairie\/decouvrir\/nature\/f_spill_ete_2016_11\/'><img loading=\"lazy\" decoding=\"async\" width=\"150\" height=\"150\" src=\"https:\/\/www.lembach.fr\/mairie\/wp-content\/uploads\/2016\/10\/f_spill_ete_2016_11-150x150.jpg\" class=\"attachment-thumbnail size-thumbnail\" alt=\"\" aria-describedby=\"gallery-3-4094\" \/><\/a>\n\t\t\t<\/dt>\n\t\t\t\t<dd class='wp-caption-text gallery-caption' id='gallery-3-4094'>\n\t\t\t\tGrillon italien sur Aster amelle\n\t\t\t\t<\/dd><\/dl><dl class='gallery-item'>\n\t\t\t<dt class='gallery-icon landscape'>\n\t\t\t\t<a href='https:\/\/www.lembach.fr\/mairie\/decouvrir\/nature\/f_spill_ete_2016_10\/'><img loading=\"lazy\" decoding=\"async\" width=\"150\" height=\"150\" src=\"https:\/\/www.lembach.fr\/mairie\/wp-content\/uploads\/2016\/10\/f_spill_ete_2016_10-150x150.jpg\" class=\"attachment-thumbnail size-thumbnail\" alt=\"\" aria-describedby=\"gallery-3-4093\" \/><\/a>\n\t\t\t<\/dt>\n\t\t\t\t<dd class='wp-caption-text gallery-caption' id='gallery-3-4093'>\n\t\t\t\tGomphe serpentin\n\t\t\t\t<\/dd><\/dl><dl class='gallery-item'>\n\t\t\t<dt class='gallery-icon landscape'>\n\t\t\t\t<a href='https:\/\/www.lembach.fr\/mairie\/decouvrir\/nature\/f_spill_ete_2016_09\/'><img loading=\"lazy\" decoding=\"async\" width=\"150\" height=\"150\" src=\"https:\/\/www.lembach.fr\/mairie\/wp-content\/uploads\/2016\/10\/f_spill_ete_2016_09-150x150.jpg\" class=\"attachment-thumbnail size-thumbnail\" alt=\"\" aria-describedby=\"gallery-3-4092\" \/><\/a>\n\t\t\t<\/dt>\n\t\t\t\t<dd class='wp-caption-text gallery-caption' id='gallery-3-4092'>\n\t\t\t\tEratophyes amasiella \u00e0 Lembach\n\t\t\t\t<\/dd><\/dl><dl class='gallery-item'>\n\t\t\t<dt class='gallery-icon landscape'>\n\t\t\t\t<a href='https:\/\/www.lembach.fr\/mairie\/decouvrir\/nature\/f_spill_ete_2016_08\/'><img loading=\"lazy\" decoding=\"async\" width=\"150\" height=\"150\" src=\"https:\/\/www.lembach.fr\/mairie\/wp-content\/uploads\/2016\/10\/f_spill_ete_2016_08-150x150.jpg\" class=\"attachment-thumbnail size-thumbnail\" alt=\"\" aria-describedby=\"gallery-3-4091\" \/><\/a>\n\t\t\t<\/dt>\n\t\t\t\t<dd class='wp-caption-text gallery-caption' id='gallery-3-4091'>\n\t\t\t\tEcaille chin\u00e9e sur Eupatoire chanvrine\n\t\t\t\t<\/dd><\/dl><br style=\"clear: both\" \/><dl class='gallery-item'>\n\t\t\t<dt class='gallery-icon landscape'>\n\t\t\t\t<a href='https:\/\/www.lembach.fr\/mairie\/decouvrir\/nature\/f_spill_ete_2016_07\/'><img loading=\"lazy\" decoding=\"async\" width=\"150\" height=\"150\" src=\"https:\/\/www.lembach.fr\/mairie\/wp-content\/uploads\/2016\/10\/f_spill_ete_2016_07-150x150.jpg\" class=\"attachment-thumbnail size-thumbnail\" alt=\"\" aria-describedby=\"gallery-3-4090\" \/><\/a>\n\t\t\t<\/dt>\n\t\t\t\t<dd class='wp-caption-text gallery-caption' id='gallery-3-4090'>\n\t\t\t\tDioxys tridentata sur Centaur\u00e9e jac\u00e9e en 2015\n\t\t\t\t<\/dd><\/dl><dl class='gallery-item'>\n\t\t\t<dt class='gallery-icon landscape'>\n\t\t\t\t<a href='https:\/\/www.lembach.fr\/mairie\/decouvrir\/nature\/f_spill_ete_2016_06\/'><img loading=\"lazy\" decoding=\"async\" width=\"150\" height=\"150\" src=\"https:\/\/www.lembach.fr\/mairie\/wp-content\/uploads\/2016\/10\/f_spill_ete_2016_06-150x150.jpg\" class=\"attachment-thumbnail size-thumbnail\" alt=\"\" aria-describedby=\"gallery-3-4089\" \/><\/a>\n\t\t\t<\/dt>\n\t\t\t\t<dd class='wp-caption-text gallery-caption' id='gallery-3-4089'>\n\t\t\t\tCouleuvre \u00e0 collier ayant attrap\u00e9 un crapaud commun\n\t\t\t\t<\/dd><\/dl><dl class='gallery-item'>\n\t\t\t<dt class='gallery-icon landscape'>\n\t\t\t\t<a href='https:\/\/www.lembach.fr\/mairie\/decouvrir\/nature\/f_spill_ete_2016_05\/'><img loading=\"lazy\" decoding=\"async\" width=\"150\" height=\"150\" src=\"https:\/\/www.lembach.fr\/mairie\/wp-content\/uploads\/2016\/10\/f_spill_ete_2016_05-150x150.jpg\" class=\"attachment-thumbnail size-thumbnail\" alt=\"\" aria-describedby=\"gallery-3-4088\" \/><\/a>\n\t\t\t<\/dt>\n\t\t\t\t<dd class='wp-caption-text gallery-caption' id='gallery-3-4088'>\n\t\t\t\tColl\u00e8tes du Lierre au nid\n\t\t\t\t<\/dd><\/dl><dl class='gallery-item'>\n\t\t\t<dt class='gallery-icon landscape'>\n\t\t\t\t<a href='https:\/\/www.lembach.fr\/mairie\/decouvrir\/nature\/f_spill_ete_2016_04\/'><img loading=\"lazy\" decoding=\"async\" width=\"150\" height=\"150\" src=\"https:\/\/www.lembach.fr\/mairie\/wp-content\/uploads\/2016\/10\/f_spill_ete_2016_04-150x150.jpg\" class=\"attachment-thumbnail size-thumbnail\" alt=\"\" aria-describedby=\"gallery-3-4087\" \/><\/a>\n\t\t\t<\/dt>\n\t\t\t\t<dd class='wp-caption-text gallery-caption' id='gallery-3-4087'>\n\t\t\t\tCoelioxys afra abeille parasite sur thym suvage\n\t\t\t\t<\/dd><\/dl><br style=\"clear: both\" \/><dl class='gallery-item'>\n\t\t\t<dt class='gallery-icon landscape'>\n\t\t\t\t<a href='https:\/\/www.lembach.fr\/mairie\/decouvrir\/nature\/f_spill_ete_2016_03\/'><img loading=\"lazy\" decoding=\"async\" width=\"150\" height=\"150\" src=\"https:\/\/www.lembach.fr\/mairie\/wp-content\/uploads\/2016\/10\/f_spill_ete_2016_03-150x150.jpg\" class=\"attachment-thumbnail size-thumbnail\" alt=\"\" aria-describedby=\"gallery-3-4086\" \/><\/a>\n\t\t\t<\/dt>\n\t\t\t\t<dd class='wp-caption-text gallery-caption' id='gallery-3-4086'>\n\t\t\t\tAndrena schencki sur tr\u00e8fle jaune\n\t\t\t\t<\/dd><\/dl><dl class='gallery-item'>\n\t\t\t<dt class='gallery-icon landscape'>\n\t\t\t\t<a href='https:\/\/www.lembach.fr\/mairie\/decouvrir\/nature\/f_spill_ete_2016_02\/'><img loading=\"lazy\" decoding=\"async\" width=\"150\" height=\"150\" src=\"https:\/\/www.lembach.fr\/mairie\/wp-content\/uploads\/2016\/10\/f_spill_ete_2016_02-150x150.jpg\" class=\"attachment-thumbnail size-thumbnail\" alt=\"\" aria-describedby=\"gallery-3-4085\" \/><\/a>\n\t\t\t<\/dt>\n\t\t\t\t<dd class='wp-caption-text gallery-caption' id='gallery-3-4085'>\n\t\t\t\tAndrena fuscipes sur la Callune\n\t\t\t\t<\/dd><\/dl><dl class='gallery-item'>\n\t\t\t<dt class='gallery-icon landscape'>\n\t\t\t\t<a href='https:\/\/www.lembach.fr\/mairie\/decouvrir\/nature\/f_spill_ete_2016_01\/'><img loading=\"lazy\" decoding=\"async\" width=\"150\" height=\"150\" src=\"https:\/\/www.lembach.fr\/mairie\/wp-content\/uploads\/2016\/10\/f_spill_ete_2016_01-150x150.jpg\" class=\"attachment-thumbnail size-thumbnail\" alt=\"\" aria-describedby=\"gallery-3-4084\" \/><\/a>\n\t\t\t<\/dt>\n\t\t\t\t<dd class='wp-caption-text gallery-caption' id='gallery-3-4084'>\n\t\t\t\tAccouplement de papillons Buc\u00e9phale\n\t\t\t\t<\/dd><\/dl>\n\t\t\t<br style='clear: both' \/>\n\t\t<\/div>\n\n<p><\/div>\n\n<div class='GTTabs_divs' id='GTTabs_3_275'>\n<span class='GTTabs_titles'><b>Automne<\/b><\/span><\/p>\n<p>L\u2019automne marque la transition entre la saison estivale et l\u2019hiver en passant par un feu d\u2019artifice de couleurs \u00e9ph\u00e9m\u00e8res. Encore engageante au d\u00e9but la nature se transforme radicalement sous l\u2019effet des premi\u00e8res rigueurs pr\u00e9 hivernales. Avec le rapide raccourcissement des jours et l\u2019arriv\u00e9e progressive de la fra\u00eecheur la s\u00e8ve ne circule plus dans les v\u00e9g\u00e9taux, ceux-ci perdent leurs feuilles privant de nourriture de nombreuses formes de vie qui en d\u00e9pendent. Celles-ci sont alors oblig\u00e9es de s\u2019adapter \u00e0 cette mutation qui fait partie du cycle immuable de notre environnement. Ils d\u00e9ploieront tous leur propre strat\u00e9gie pour faire face \u00e0 ce changement radical que leur instinct permet d\u2019anticiper.<\/p>\n<p>Contrairement \u00e0 une id\u00e9e bien ancr\u00e9e le froid ne tue pas les petits insectes, ceux-ci sont parfaitement adapt\u00e9s \u00e0 l\u2019hiver. Une grande partie meurt effectivement mais qu\u2019il fasse tr\u00e8s froid ou non, ce seront leurs \u0153ufs ou leurs larves qui passeront l\u2019hiver bien abrit\u00e9s. Ceux-ci seront alors toujours expos\u00e9s aux nombreux pr\u00e9dateurs actifs toute l\u2019ann\u00e9e comme les oiseaux dont la survie d\u00e9pend de cette source de nourriture.<\/p>\n<p>Le bois mort est un refuge pour de nombreuses formes de vie toute l\u2019ann\u00e9e, en automne il est occup\u00e9 par de nombreux insectes en particulier leurs larves mais aussi les adultes de grands col\u00e9opt\u00e8res qui se r\u00e9fugient sous les \u00e9corces. Actuellement le bois mort n\u2019est plus syst\u00e9matiquement \u00e9limin\u00e9 dans nos for\u00eat ce qui est un \u00e9l\u00e9ment important pour le maintien de la biodiversit\u00e9 abritant toute une nombreuse petite faune et des champignons tous n\u00e9cessaires \u00e0 la transformation naturelle du bois mort en humus.<\/p>\n<p>En d\u00e9but d\u2019automne la vie se d\u00e9ploie encore sous de nombreuses facettes. Malheureusement la chaleur et la s\u00e9cheresse de cette fin d\u2019\u00e9t\u00e9 n\u2019ont pas permis aux fleurs de s\u2019\u00e9panouir comme d\u2019habitude et beaucoup se sont tr\u00e8s vite dess\u00e9ch\u00e9es ne produisant ni nectar ni pollen. Les rares fleurs qui ont r\u00e9sist\u00e9 \u00e0 ces conditions ont \u00e9t\u00e9 prises d\u2019assaut cet automne par les abeilles les papillons entre autres qui ont ainsi pu trouver quelque subsistance.<\/p>\n<p>En Octobre gr\u00e2ce \u00e0 la pluie bienvenue bien des insectes ont encore pu profiter des conditions climatiques favorables avec un foisonnement de vie parfois digne de l\u2019\u00e9t\u00e9 lors des heures les plus chaudes de la journ\u00e9e surtout \u00e0 proximit\u00e9 des fleurs.<\/p>\n<p>Parmi les abeilles sauvages les Lasioglossum calceatum sont fr\u00e9quents en automne, ils se nourrissent du nectar r\u00e9colt\u00e9 sur diverses fleurs comme les S\u00e9ne\u00e7ons \u00e0 feuilles de roquette ou la Centaur\u00e9e jac\u00e9e. Au fil de l\u2019automne chez de nombreuses abeilles les femelles deviennent de moins en moins visibles, elles se retirent progressivement dans le nid qui abrite leur ponte et hiberneront jusqu\u2019aux premiers rayons de soleil de la fin d\u2019hiver. Les m\u00e2les butineront encore les quelques fleurs disponibles puis dispara\u00eetrons par manque de nourriture et engourdis par le froid. L\u2019abeille Sphecode \u00e0 labre blanc vole au d\u00e9but du printemps mais aussi en en automne butinant sur une grande vari\u00e9t\u00e9 de fleurs le long des chemins forestiers avant son hibernation.<\/p>\n<p>A l\u2019\u00e9tang du Fleckenstein plusieurs vari\u00e9t\u00e9s de libellules sont rest\u00e9es actives jusqu\u2019aux premi\u00e8res gel\u00e9es, le Sympetrum sanguin en particulier dont le m\u00e2le arbore sa couleur rouge vif alors que la femelle est beaucoup plus discr\u00e8te. L\u2019automne y est aussi marqu\u00e9 par l\u2019apparition de nombreuses Phryganes \u00e0 l\u2019allure de petits papillons nocturnes, leurs larves sont bien connues des p\u00eacheurs \u00e0 la ligne, il s\u2019agit de porte bois appel\u00e9s ainsi car la larve aquatique se forge un fourreau de brindilles pour se camoufler. Malgr\u00e9 cela elles n\u2019\u00e9chapperont pas \u00e0 de nombreux pr\u00e9dateurs aquatiques, ail\u00e9s comme le Cincle plongeur ou les poissons pour lesquels elles constituent une part importante de nourriture.<\/p>\n<p>Il existe chez nous une grande vari\u00e9t\u00e9 de fourmis dont la plus connue est la fourmi des bois qui construit de grands nids en forme de d\u00f4me form\u00e9 de d\u00e9bris v\u00e9g\u00e9taux. Toutes passeront l\u2019hiver bien abrit\u00e9es au sein de leur colonie dans des galeries souterraines qu\u2019elles auront creus\u00e9, sous l\u2019\u00e9corce de certains arbres, dans le bois mort ou dans de grandes fourmili\u00e8res qui sont bien visibles chez la fourmi rousse. En hiver celles-ci seront parfois \u00e9ventr\u00e9es par le pic noir ou le blaireau \u00e0 la recherche de nourriture. Lorsque la fourmili\u00e8re est active les fourmis rousses sont capables de projeter de l\u2019acide formique jusqu\u2019\u00e0 une distance de 50 centim\u00e8tres en cas de danger pour \u00e9loigner leurs pr\u00e9dateurs. Le geai des ch\u00eanes n\u2019est pas un pr\u00e9dateur de fourmis mais il sera trait\u00e9 comme tel, il ne visite les fourmili\u00e8res que pour enduire ses plumes d\u2019acide formique nettoyant ainsi son plumage ce qui constitue pour lui une toilette originale mais efficace le prot\u00e9geant de nombreux parasites dans son plumage.<\/p>\n<p>Les fourmis sont des insectes sociaux par excellence, une seule colonie de fourmis rousses peut abriter des millions d\u2019ouvri\u00e8res, toutes l\u2019entretiennent, la d\u00e9fendent, nourrissent leur reine et leurs larves, emmagasinent leur nourriture pour faire face \u00e0 l\u2019hiver. Elles assurent un service de nettoyage de la for\u00eat, elles sont omnivores et ram\u00e8nent au nid tout ce qui leur est accessible, leur force c\u2019est leur nombre. Elles r\u00e9coltent aussi bien des mati\u00e8res v\u00e9g\u00e9tales que de petits insectes morts ou vivants ainsi que des larves ou des chenilles. La fourmi rousse est prot\u00e9g\u00e9e en France pour son r\u00f4le fondamental dans l\u2019\u00e9quilibre de l\u2019environnement mais leurs grandes fourmili\u00e8res se font de plus en plus rares.<\/p>\n<p>La Pyrale du buis est un papillon nocturne import\u00e9 accidentellement d\u2019Asie en Europe en 2005 et qui s\u2019est rapidement r\u00e9pandu. Les chenilles se d\u00e9veloppent sur les buis ornementaux que l\u2019on retrouve souvent dans les jardins \u00e0 Lembach. Il n\u2019est donc pas \u00e9tonnant que ce papillon soit actuellement pr\u00e9sent chez nous depuis au moins la fin de cet \u00e9t\u00e9. La chenille se nourrit des feuilles de buis ce qui peut repr\u00e9senter une menace pour cette plante, mais celle-ci semble bien \u00eatre la seule sur laquelle les chenilles se nourrissent. Elles peuvent en consommer la totalit\u00e9 de leurs feuilles et tissent alors un r\u00e9seau de fils de soie qui les abritent. Les oiseaux des jardins sont les seuls \u00e0 pouvoir limiter naturellement leur expansion trouvant l\u00e0 une nourriture abondante dont ils ne se priveront pas.<\/p>\n<p>Gr\u00e2ce \u00e0 l\u2019automne cl\u00e9ment que nous avons connu la mante religieuse et le grillon italien ont \u00e9t\u00e9 actifs jusqu\u2019\u00e0 fin octobre puis ont brutalement disparu fin d\u00e8s les premiers frimas par manque de nourriture. La mante religieuse pond en fin d\u2019\u00e9t\u00e9 ses \u0153ufs dans un nid collectif de pr\u00e8s de 5 cm appel\u00e9 ooth\u00e8que qui peut abriter plus de 100 \u0153ufs, ceux-ci qui passeront l\u2019hiver expos\u00e9s aux intemp\u00e9ries et r\u00e9sistant \u00e0 des temp\u00e9ratures de &#8211; 20\u00b0.<\/p>\n<p>Les premi\u00e8res chauves souris se retirent pour hiberner dans leurs cachettes \u00e0 partir d\u2019octobre.<br \/>\nParmi elles les Murins \u00e0 oreilles \u00e9chancres dont certains sont parmi les premi\u00e8res \u00e0 rejoindre leur g\u00eete hivernal dans lesquels plusieurs dizaines d\u2019individus sont parfois pr\u00e9sents. On retrouve certaines au m\u00eame emplacement durant toute la saison froide. On ne conna\u00eet pas leur provenance, aucune colonie de reproduction n\u2019est connue dans un rayon de 30 km. L\u2019oreillard est tr\u00e8s nomade durant la saison froide et change souvent de site en fonction des conditions climatiques.<br \/>\nLa plupart de ces mammif\u00e8res volants profiteront des nombreux insectes nocturnes volant en cette saison notamment les papillons nocturnes dont certains n\u2019apparaissent que tr\u00e8s tard dans l\u2019ann\u00e9e. Ceux-ci sont souvent abondants m\u00eame par temps froid et constituent un apport alimentaire important pour eux en pr\u00e9vision de l\u2019hiver qui les obligera \u00e0 vivre sur les r\u00e9serves accumul\u00e9es en automne.<\/p>\n<p>On peut souvent voir ces papillons pos\u00e9s le jour autour des lampadaires sur les murs clairs, sur les vitres ou la nuit volant dans les phares des voitures. Il s\u2019agit souvent de Phal\u00e8nes dont beaucoup poss\u00e8dent en cette saison une particularit\u00e9 qui fait que seuls les m\u00e2les sont aptes au vol. Les femelles ne poss\u00e8dent que des moignons d\u2019ailes elles ne peuvent ni se d\u00e9placer ni se nourrir, elles attirent les m\u00e2les par des ph\u00e9romones chimiques que nous sommes incapables de percevoir.<br \/>\nCertains de ces papillons nocturnes comme la Phal\u00e8ne brumaire ou l\u2019Hibernie d\u00e9feuillante peuvent \u00eatre tr\u00e8s nombreux.<br \/>\nLe Bombyx du Peuplier est l\u2019un des derniers papillons nocturnes \u00e0 voler jusqu\u2019\u00e0 d\u00e9but D\u00e9cembre il est parfois abondant bien que g\u00e9n\u00e9ralement tr\u00e8s peu visible bien cach\u00e9 le jour dans des recoins connus de lui seul, chez ce papillon m\u00e2les et femelles volent.<\/p>\n<p>Rares sont les papillons qui passent l\u2019hiver sous forme adulte. La D\u00e9coupure compte parmi les exceptions, c\u2019est un papillon nocturne de la famille des Noctuelles, celui-ci est tr\u00e8s peu visible en saison estivale. Par contre d\u00e8s les premiers froids en automne ils apparaissent en nombre dans toutes sortes d\u2019abris souterrains pour y passer l\u2019hiver. Il arrive que dans ces refuges plus d\u2019une centaine de ces papillons y soient rassembl\u00e9s sur quelques m\u00e8tres carr\u00e9s en attendant des jours meilleurs. Le Paon du jour l\u2019un de nos plus beaux papillons diurnes se retrouve souvent \u00e0 proximit\u00e9 dans ces endroits.<\/p>\n<p>La Sauterelle des ch\u00eanes poss\u00e8de la particularit\u00e9 de ne fr\u00e9quenter que les troncs d\u2019arbres feuillus alors que tous les autres Orthopt\u00e8res vivent au sol dans la v\u00e9g\u00e9tation dont elles consomment les feuilles. Celle-ci est assez rare appara\u00eet en fin d\u2019\u00e9t\u00e9 et reste active jusqu\u2019aux premi\u00e8res gel\u00e9es. Les sauterelles se distinguent facilement des criquets par leurs tr\u00e8s longues et fines antennes.<\/p>\n<p>Tout au long de l\u2019ann\u00e9e trouver sa nourriture est \u00e0 la base de toute la cha\u00eene alimentaire. En automne lorsque les conditions deviennent trop difficiles, tous les animaux devront s\u2019y adapter ou partir vers des cieux plus cl\u00e9ments pour ceux qui en ont la possibilit\u00e9.<br \/>\nCette ann\u00e9e les hirondelles nous ont quitt\u00e9es brutalement mi-septembre profitant des belles journ\u00e9es que nous avions alors connues. En cas de mauvais temps la migration s\u2019arr\u00eate si leurs rep\u00e8res visuels qui sont le soleil le jour et les \u00e9toiles la nuit ne sont pas visibles.<\/p>\n<p>Le Loir gris entre dans un tr\u00e8s long sommeil qui peut durer 7 mois, g\u00e9n\u00e9ralement dans une cavit\u00e9 du sol ou un ancien nid de pic o\u00f9 ils se rassemblent pour former un abri collectif. Ce mammif\u00e8re insectivore nocturne n\u2019est pas rare chez nous mais il est tr\u00e8s difficile \u00e0 voir dans son milieu forestier.<br \/>\nLe blaireau entre en semi hibernation dans son terrier vers la fin de l\u2019automne, il passera de longues journ\u00e9es \u00e0 dormir, entrecoup\u00e9es de quelques sorties qui lui permettront de trouver sa nourriture sans trop de peine gr\u00e2ce \u00e0 son r\u00e9gime omnivore.<\/p>\n<p>Le h\u00e9risson lui aussi passera la saison hivernale bien \u00e0 l\u2019abri sous une haie ou dans la liti\u00e8re\u00a0 et plongera dans un sommeil qui durera plusieurs mois car son r\u00e9gime principalement insectivore ne lui permet pas de se nourrir en hiver. Il s\u2019endort d\u00e8s que la temp\u00e9rature diurne descend sous les 10\u00b0. Depuis quelques ann\u00e9es on constate que de moins en moins de h\u00e9rissons sont \u00e9cras\u00e9s sur les routes. Cela ne constitue pas pour autant une bonne nouvelle car il est devenu bien rare, d\u00e9cim\u00e9 sur les routes durant de nombreuses ann\u00e9es. Lors de ses p\u00e9r\u00e9grinations nocturnes il est souvent oblig\u00e9 de traverser les routes avec tous les dangers que cela comporte pour lui. Il s\u2019agit pourtant d\u2019un mammif\u00e8re original\u00a0 et attachant, prot\u00e9g\u00e9 en France tr\u00e8s utile dans notre environnement mais qui n\u2019arrive pas \u00e0 s\u2019adapter aux obstacles que constitue le r\u00e9seau routier.<\/p>\n<p>Au fil de l\u2019ann\u00e9e la nature a d\u00e9voil\u00e9 de nombreuses richesses avec bien des surprises qui ont mis en valeur tout l\u2019int\u00e9r\u00eat de notre faune et notre flore, ce sont les rouages de cette machine d\u2019une complexit\u00e9 extraordinaire et encore tr\u00e8s riche contrairement \u00e0 de nombreuses r\u00e9gions o\u00f9 les richesses naturelles se sont effiloch\u00e9es comme une peau de chagrin.<\/p>\n<p>Mes nombreuses d\u00e9couvertes ont suscit\u00e9 l\u2019int\u00e9r\u00eat de bien des sp\u00e9cialistes de la nature fran\u00e7ais et allemands. Gr\u00e2ce \u00e0 cette collaboration franco allemande, 2 nouvelles vari\u00e9t\u00e9s d\u2019abeilles sauvages pour l\u2019Alsace ont encore pu \u00eatre d\u00e9termin\u00e9es cet automne : Osmia pilicornis et Osmia Anthocopoides toutes 2 class\u00e9es tr\u00e8s menac\u00e9es en liste rouge en Allemagne, mais aussi Chrysura hybrida qui est une jolie gu\u00eape parasite d\u2019Osmies qui est bien repr\u00e9sent\u00e9e dans une ancienne carri\u00e8re alors que celle-ci a pratiquement disparu d\u2019Allemagne !<\/p>\n<p>Potentiellement de nombreuses d\u00e9couvertes sont encore possibles mais le plus important est bien de prendre conscience de la valeur patrimoniale de notre environnement, ce sont des atouts qu\u2019il convient de p\u00e9renniser en veillant \u00e0 la pr\u00e9servation des milieux naturels encore disponibles. Aucune esp\u00e8ce rare ou non ne peut \u00eatre maintenue si son milieu n\u2019est plus appropri\u00e9 \u00e0 sa biologie. Certaines formes de vie s\u2019adaptent facilement aux modifications environnementales cr\u00e9es par l\u2019homme, d\u2019autres n\u2019ont pas cette capacit\u00e9 et s\u2019en trouvent fragilis\u00e9es et menac\u00e9es voyant leur espace disponible se r\u00e9tr\u00e9cir in\u00e9luctablement parfois jusqu\u2019\u00e0 leur disparition. Notre r\u00e9gion reste une zone refuge pour de nombreuses formes de vie ayant souvent d\u00e9j\u00e0 disparu ailleurs et poss\u00e9der une nature encore aussi riche n\u2019est certainement pas n\u00e9gligeable par les temps actuels.<\/p>\n<p style=\"text-align: right;\">texte et photos Fran\u00e7ois Spill<\/p>\n\n\t\t<style type=\"text\/css\">\n\t\t\t#gallery-4 {\n\t\t\t\tmargin: auto;\n\t\t\t}\n\t\t\t#gallery-4 .gallery-item {\n\t\t\t\tfloat: left;\n\t\t\t\tmargin-top: 10px;\n\t\t\t\ttext-align: center;\n\t\t\t\twidth: 25%;\n\t\t\t}\n\t\t\t#gallery-4 img {\n\t\t\t\tborder: 2px solid #cfcfcf;\n\t\t\t}\n\t\t\t#gallery-4 .gallery-caption {\n\t\t\t\tmargin-left: 0;\n\t\t\t}\n\t\t\t\/* see gallery_shortcode() in wp-includes\/media.php *\/\n\t\t<\/style>\n\t\t<div id='gallery-4' class='gallery galleryid-275 gallery-columns-4 gallery-size-thumbnail'><dl class='gallery-item'>\n\t\t\t<dt class='gallery-icon landscape'>\n\t\t\t\t<a href='https:\/\/www.lembach.fr\/mairie\/decouvrir\/nature\/f_spil_automne_2016_12\/'><img loading=\"lazy\" decoding=\"async\" width=\"150\" height=\"150\" src=\"https:\/\/www.lembach.fr\/mairie\/wp-content\/uploads\/2016\/12\/f_spil_automne_2016_12-150x150.jpg\" class=\"attachment-thumbnail size-thumbnail\" alt=\"\" aria-describedby=\"gallery-4-4318\" \/><\/a>\n\t\t\t<\/dt>\n\t\t\t\t<dd class='wp-caption-text gallery-caption' id='gallery-4-4318'>\n\t\t\t\tSympetrum sanguin\n\t\t\t\t<\/dd><\/dl><dl class='gallery-item'>\n\t\t\t<dt class='gallery-icon portrait'>\n\t\t\t\t<a href='https:\/\/www.lembach.fr\/mairie\/decouvrir\/nature\/f_spil_automne_2016_10\/'><img loading=\"lazy\" decoding=\"async\" width=\"150\" height=\"150\" src=\"https:\/\/www.lembach.fr\/mairie\/wp-content\/uploads\/2016\/12\/f_spil_automne_2016_10-150x150.jpg\" class=\"attachment-thumbnail size-thumbnail\" alt=\"\" aria-describedby=\"gallery-4-4316\" \/><\/a>\n\t\t\t<\/dt>\n\t\t\t\t<dd class='wp-caption-text gallery-caption' id='gallery-4-4316'>\n\t\t\t\tOoth\u00e8que (nid de mante religieuse)\n\t\t\t\t<\/dd><\/dl><dl class='gallery-item'>\n\t\t\t<dt class='gallery-icon landscape'>\n\t\t\t\t<a href='https:\/\/www.lembach.fr\/mairie\/decouvrir\/nature\/f_spil_automne_2016_09\/'><img loading=\"lazy\" decoding=\"async\" width=\"150\" height=\"150\" src=\"https:\/\/www.lembach.fr\/mairie\/wp-content\/uploads\/2016\/12\/f_spil_automne_2016_09-150x150.jpg\" class=\"attachment-thumbnail size-thumbnail\" alt=\"\" aria-describedby=\"gallery-4-4315\" \/><\/a>\n\t\t\t<\/dt>\n\t\t\t\t<dd class='wp-caption-text gallery-caption' id='gallery-4-4315'>\n\t\t\t\tLasioglossum calceatum dans fleur de Centaur\u00e9e et pollen\n\t\t\t\t<\/dd><\/dl><dl class='gallery-item'>\n\t\t\t<dt class='gallery-icon landscape'>\n\t\t\t\t<a href='https:\/\/www.lembach.fr\/mairie\/decouvrir\/nature\/cydalima-perspectalis-2016-08-17-la-pyrale-du-buis\/'><img loading=\"lazy\" decoding=\"async\" width=\"150\" height=\"150\" src=\"https:\/\/www.lembach.fr\/mairie\/wp-content\/uploads\/2016\/12\/f_spil_automne_2016_08-150x150.jpg\" class=\"attachment-thumbnail size-thumbnail\" alt=\"\" aria-describedby=\"gallery-4-4314\" \/><\/a>\n\t\t\t<\/dt>\n\t\t\t\t<dd class='wp-caption-text gallery-caption' id='gallery-4-4314'>\n\t\t\t\tLa Pyrale du buis\n\t\t\t\t<\/dd><\/dl><br style=\"clear: both\" \/><dl class='gallery-item'>\n\t\t\t<dt class='gallery-icon landscape'>\n\t\t\t\t<a href='https:\/\/www.lembach.fr\/mairie\/decouvrir\/nature\/f_spil_automne_2016_07\/'><img loading=\"lazy\" decoding=\"async\" width=\"150\" height=\"150\" src=\"https:\/\/www.lembach.fr\/mairie\/wp-content\/uploads\/2016\/12\/f_spil_automne_2016_07-150x150.jpg\" class=\"attachment-thumbnail size-thumbnail\" alt=\"\" aria-describedby=\"gallery-4-4313\" \/><\/a>\n\t\t\t<\/dt>\n\t\t\t\t<dd class='wp-caption-text gallery-caption' id='gallery-4-4313'>\n\t\t\t\tLa D\u00e9coupure en hibernation\n\t\t\t\t<\/dd><\/dl><dl class='gallery-item'>\n\t\t\t<dt class='gallery-icon landscape'>\n\t\t\t\t<a href='https:\/\/www.lembach.fr\/mairie\/decouvrir\/nature\/f_spil_automne_2016_06\/'><img loading=\"lazy\" decoding=\"async\" width=\"150\" height=\"150\" src=\"https:\/\/www.lembach.fr\/mairie\/wp-content\/uploads\/2016\/12\/f_spil_automne_2016_06-150x150.jpg\" class=\"attachment-thumbnail size-thumbnail\" alt=\"\" aria-describedby=\"gallery-4-4312\" \/><\/a>\n\t\t\t<\/dt>\n\t\t\t\t<dd class='wp-caption-text gallery-caption' id='gallery-4-4312'>\n\t\t\t\tHibernie d\u00e9feuillante m\u00e2le\n\t\t\t\t<\/dd><\/dl><dl class='gallery-item'>\n\t\t\t<dt class='gallery-icon landscape'>\n\t\t\t\t<a href='https:\/\/www.lembach.fr\/mairie\/decouvrir\/nature\/f_spil_automne_2016_05\/'><img loading=\"lazy\" decoding=\"async\" width=\"150\" height=\"150\" src=\"https:\/\/www.lembach.fr\/mairie\/wp-content\/uploads\/2016\/12\/f_spil_automne_2016_05-150x150.jpg\" class=\"attachment-thumbnail size-thumbnail\" alt=\"\" aria-describedby=\"gallery-4-4311\" \/><\/a>\n\t\t\t<\/dt>\n\t\t\t\t<dd class='wp-caption-text gallery-caption' id='gallery-4-4311'>\n\t\t\t\tAbeille Sphecode \u00e0 labre blanc\n\t\t\t\t<\/dd><\/dl><dl class='gallery-item'>\n\t\t\t<dt class='gallery-icon landscape'>\n\t\t\t\t<a href='https:\/\/www.lembach.fr\/mairie\/decouvrir\/nature\/f_spil_automne_2016_04\/'><img loading=\"lazy\" decoding=\"async\" width=\"150\" height=\"150\" src=\"https:\/\/www.lembach.fr\/mairie\/wp-content\/uploads\/2016\/12\/f_spil_automne_2016_04-150x150.jpg\" class=\"attachment-thumbnail size-thumbnail\" alt=\"\" aria-describedby=\"gallery-4-4310\" \/><\/a>\n\t\t\t<\/dt>\n\t\t\t\t<dd class='wp-caption-text gallery-caption' id='gallery-4-4310'>\n\t\t\t\tPhrygane\n\t\t\t\t<\/dd><\/dl><br style=\"clear: both\" \/><dl class='gallery-item'>\n\t\t\t<dt class='gallery-icon landscape'>\n\t\t\t\t<a href='https:\/\/www.lembach.fr\/mairie\/decouvrir\/nature\/f_spil_automne_2016_03\/'><img loading=\"lazy\" decoding=\"async\" width=\"150\" height=\"150\" src=\"https:\/\/www.lembach.fr\/mairie\/wp-content\/uploads\/2016\/12\/f_spil_automne_2016_03-150x150.jpg\" class=\"attachment-thumbnail size-thumbnail\" alt=\"\" aria-describedby=\"gallery-4-4309\" \/><\/a>\n\t\t\t<\/dt>\n\t\t\t\t<dd class='wp-caption-text gallery-caption' id='gallery-4-4309'>\n\t\t\t\tChauve souris Oreillard ses longues oreilles sont repli\u00e9es sous leur ailes\n\t\t\t\t<\/dd><\/dl><dl class='gallery-item'>\n\t\t\t<dt class='gallery-icon landscape'>\n\t\t\t\t<a href='https:\/\/www.lembach.fr\/mairie\/decouvrir\/nature\/f_spil_automne_2016_02\/'><img loading=\"lazy\" decoding=\"async\" width=\"150\" height=\"150\" src=\"https:\/\/www.lembach.fr\/mairie\/wp-content\/uploads\/2016\/12\/f_spil_automne_2016_02-150x150.jpg\" class=\"attachment-thumbnail size-thumbnail\" alt=\"\" aria-describedby=\"gallery-4-4308\" \/><\/a>\n\t\t\t<\/dt>\n\t\t\t\t<dd class='wp-caption-text gallery-caption' id='gallery-4-4308'>\n\t\t\t\tBombyx du peuplier femelle \u00e0 gauche, m\u00e2le \u00e0 droite\n\t\t\t\t<\/dd><\/dl><dl class='gallery-item'>\n\t\t\t<dt class='gallery-icon landscape'>\n\t\t\t\t<a href='https:\/\/www.lembach.fr\/mairie\/decouvrir\/nature\/f_spil_automne_2016_11\/'><img loading=\"lazy\" decoding=\"async\" width=\"150\" height=\"150\" src=\"https:\/\/www.lembach.fr\/mairie\/wp-content\/uploads\/2016\/12\/f_spil_automne_2016_11-150x150.jpg\" class=\"attachment-thumbnail size-thumbnail\" alt=\"\" aria-describedby=\"gallery-4-4317\" \/><\/a>\n\t\t\t<\/dt>\n\t\t\t\t<dd class='wp-caption-text gallery-caption' id='gallery-4-4317'>\n\t\t\t\tSauterelle des ch\u00eanes m\u00e2le\n\t\t\t\t<\/dd><\/dl><dl class='gallery-item'>\n\t\t\t<dt class='gallery-icon portrait'>\n\t\t\t\t<a href='https:\/\/www.lembach.fr\/mairie\/decouvrir\/nature\/f_spil_automne_2016_01\/'><img loading=\"lazy\" decoding=\"async\" width=\"150\" height=\"150\" src=\"https:\/\/www.lembach.fr\/mairie\/wp-content\/uploads\/2016\/12\/f_spil_automne_2016_01-150x150.jpg\" class=\"attachment-thumbnail size-thumbnail\" alt=\"\" aria-describedby=\"gallery-4-4307\" \/><\/a>\n\t\t\t<\/dt>\n\t\t\t\t<dd class='wp-caption-text gallery-caption' id='gallery-4-4307'>\n\t\t\t\tAmbiance foresti\u00e8re dans le vallon du Dentelthal\n\t\t\t\t<\/dd><\/dl><br style=\"clear: both\" \/>\n\t\t<\/div>\n\n<p style=\"text-align: left;\"><\/div>\n\n<div class='GTTabs_divs' id='GTTabs_4_275'>\n<span class='GTTabs_titles'><b>Les oiseaux en hiver<\/b><\/span><\/p>\n<p style=\"text-align: left;\">En hiver alors que toute vie sauvage semble avoir disparu les oiseaux sont toujours actifs, ils animent notre environnement et y apportent quelques touches de couleurs.<br \/>\nAlors que de nombreux oiseaux ont fui l\u2019hiver pour des r\u00e9gions plus hospitali\u00e8res et souvent lointaines d\u2019autres restent chez nous toute l\u2019ann\u00e9e, certains se rapprochent m\u00eame des habitations en qu\u00eate de nourriture. C\u2019est l\u2019occasion de les approcher et les admirer alors que le reste de l\u2019ann\u00e9e la plupart se tiennent loin de nous.<\/p>\n<p>La fr\u00e9quentation des mangeoires est g\u00e9n\u00e9ralement li\u00e9e aux conditions climatiques. S\u2019il ne fait pas trop froid ils trouveront de quoi subvenir \u00e0 leurs besoins journaliers dans les alentours. Les faines et les glands sont souvent tr\u00e8s recherch\u00e9s en for\u00eat par les oiseaux granivores, les noix et les fruits pourrissant dans les vergers sont \u00e9galement pris\u00e9s. D\u00e8s que le sol est gel\u00e9 ou enneig\u00e9 cet acc\u00e8s sera plus difficile voir impossible et certains se rapprocheront alors des habitations pour profiter de notre g\u00e9n\u00e9rosit\u00e9 \u00e0 leur \u00e9gard.<\/p>\n<p>Les M\u00e9sanges sont alors peu farouches et on peut facilement les observer ramasser les graines de tournesol qu\u2019elles ouvrent coinc\u00e9es entre leurs pattes et dont beaucoup tombent alors parterre faisant alors le bonheur d\u2019autres oiseaux plus habitu\u00e9s \u00e0 pr\u00e9lever leur nourriture au sol. Plusieurs vari\u00e9t\u00e9s de M\u00e9sanges peuvent alors facilement \u00eatre vues. Les M\u00e9sanges charbonni\u00e8res, bleues et nonnettes sont les plus fr\u00e9quentes. Les M\u00e9sanges noires et hupp\u00e9es ont davantage de chance d\u2019\u00eatre observ\u00e9es pr\u00e8s de la for\u00eat dont elles ne s\u2019\u00e9loignent pas trop sauf quand le besoin de nourriture se fait imp\u00e9rieux.<br \/>\nUne soucoupe peu profonde remplie d\u2019eau est appr\u00e9ci\u00e9e par les oiseaux en toute saison. Celle- ci leur permet d\u2019effectuer leur toilette toujours spectaculaire et pourvoir \u00e0 leur consommation d\u2019eau.<\/p>\n<p>Les graines de tournesol conviennent parfaitement aux nombreux petits oiseaux qui fr\u00e9quentent les jardins, elles contiennent les prot\u00e9ines et mati\u00e8res grasses qui leurs sont n\u00e9cessaires pour passer l\u2019hiver. Le froid m\u00eame glacial ne les d\u00e9range pas dans la mesure o\u00f9 ils ont de quoi se nourrir. Les boules de graisse sont \u00e9galement recherch\u00e9es bien que la diversit\u00e9 des oiseaux y soit moindre, le Moineau domestique, la M\u00e9sange charbonni\u00e8re et bleue les fr\u00e9quentent majoritairement. Le Pic vert est r\u00e9gulier en hiver dans les jardins et les pelouses en qu\u00eate de sa nourriture compos\u00e9e essentiellement de fourmis et de leurs nymphes qu\u2019il d\u00e9terre dans les espaces verts. Tous les Pics poss\u00e8dent un bec puissant qui leur sert \u00e0 creuser dans le sol ou le bois, vermoulu de pr\u00e9f\u00e9rence, recherchant en toute saison les insectes qu\u2019ils d\u00e9tectent dans le bois m\u00eame \u00e0 travers de l\u2019\u00e9corce gr\u00e2ce \u00e0 des signaux acoustiques.<\/p>\n<p>De nombreux oiseaux nous ont quitt\u00e9 en automne mais d\u2019autres arrivent de r\u00e9gions plus au nord et \u00e0 l\u2019est o\u00f9 le manque de nourriture et la morsure de l\u2019hiver peut les obliger \u00e0 migrer. Quelques vari\u00e9t\u00e9s ne sont pr\u00e9sentes chez nous qu\u2019en hiver mais elles sont peu nombreuses. C\u2019est le cas des Pinsons du nord qui peuvent \u00eatre parfois \u00eatre abondant formant des troupes mixtes avec les Pinsons des arbres, certaines ann\u00e9es, il peuvent aussi parfois \u00eatre presque absents comme cela semble \u00eatre le cas cet hiver.<br \/>\nLes Tarins des aulnes nichent aussi beaucoup plus au nord ou en montagne, ils arrivent aussi en fin d\u2019automne se nourrissant alors des graines et des fruits sur les aulnes ou les bouleaux. Lorsque cette ressource est tarie ils se rapprochent des habitations et fr\u00e9quentent souvent en nombre les postes de nourrissage. Les m\u00e2les sont facilement reconnaissables par leur tache noire sur le dessus de la t\u00eate. Il s\u2019agit d\u2019un des plus petits oiseaux fr\u00e9quentant les mangeoires, souvent confondus avec le Verdier dont la taille est pourtant\u00a0 bien plus grande.<\/p>\n<p>Les Chardonnerets aux allures de clowns ail\u00e9s se regroupent en troupes de quelques dizaines d\u2019oiseaux et investissent les points de nourrissage principalement ceux situ\u00e9s en bordure du village souvent en compagnie des Pinsons des arbres et des Verdiers.<br \/>\nLe Pinson des arbres est l\u2019oiseau le plus abondant de France toutes esp\u00e8ces confondues et reste chez nous toute l\u2019ann\u00e9e car il a pu modifier son r\u00e9gime alimentaire, insectivore \u00e0 la belle saison il devient granivore en hiver. On peut facilement l\u2019observer souvent en compagnie de nombreux autres passereaux se nourrir des graines tomb\u00e9es au sol. Les couleurs du m\u00e2le sont un peu plus marqu\u00e9es que chez la femelle.<\/p>\n<p>Le m\u00e2le du Bouvreuil est remarquable par sa couleur \u00e9clatante, la femelle est beaucoup plus discr\u00e8te. Ils fr\u00e9quentent parfois les mangeoires isol\u00e9ment ou en petits groupes mixtes. Ils y c\u00f4toient aussi le Gros bec qui poss\u00e8de un bec beaucoup imposant que les autres oiseaux pr\u00e9sents et qui lui sert parfois \u00e0 s\u2019imposer dans les troupes d\u2019oiseaux affam\u00e9es.<\/p>\n<p>De petits groupes d\u2019Etourneaux fr\u00e9quentent les vergers en hiver et peuvent parfois venir aussi r\u00e9colter quelques graines autour de nos habitations. D\u2019allure banale ils sont pourtant \u00e9tincelants de couleur d\u00e8s que l\u2019on peut s\u2019en rapprocher. Le Merle noir peut \u00eatre vu autour des maisons toute l\u2019ann\u00e9e, en hiver g\u00e9n\u00e9ralement isol\u00e9 ou en petits groupes et peut se montrer parfois agressif vis-\u00e0-vis de ses cong\u00e9n\u00e8res. La Tourterelle turque peut aussi consommer occasionnellement les graines tomb\u00e9es au sol ressemblant alors \u00e0 des g\u00e9ants au milieu des autres oiseaux tous beaucoup tous beaucoup plus petits, elle fr\u00e9quente toute l\u2019ann\u00e9e les milieux urbanis\u00e9s pourvus d\u2019espaces verts.<br \/>\nLe Rougegorge m\u00e8ne une vie solitaire presque toute l\u2019ann\u00e9e, il ne se m\u00eale pas aux troupes d\u2019oiseaux et ne supporte pas la pr\u00e9sence d\u2019un cong\u00e9n\u00e8re en dehors du printemps. Il se contentera de ramasser quelques miettes ou graines au sol dans les jardins en profitant de quelques moments de calme.<\/p>\n<p>La Sitelle torchepot est un h\u00f4te typique de la for\u00eat toute l\u2019ann\u00e9e. Gr\u00e2ce \u00e0 son bec ac\u00e9r\u00e9 elle d\u00e9busque comme les Pics des larves ou insectes coinc\u00e9s dans les \u00e9corces des arbres. Elle aussi peu se rapprocher isol\u00e9ment de nos maisons en hiver pour profiter d\u2019une aubaine alimentaire. Le Grimpereau des bois lui aussi se nourrit des larves dans les fissures des arbres ce qui lui permet d\u2019\u00eatre pr\u00e9sent toute l\u2019ann\u00e9e et fr\u00e9quente parfois nos jardins en hiver.<\/p>\n<p>Des troupes de quelques dizaines d\u2019oiseaux peuvent parfois \u00eatre pr\u00e9sents autour des postes de nourrissage, plusieurs esp\u00e8ces de passereaux se c\u00f4toient pacifiquement mais tous restent sur leurs gardes, guettant le moindre danger aux alentours. Il suffit que l\u2019un d\u2019entre eux s\u2019envole que tous en fassent de m\u00eame. Le danger existe bien, ces attroupements attirent in\u00e9vitablement des pr\u00e9dateurs comme l\u2019Epervier d\u2019Europe qui fond soudainement sur les oiseaux dont il se nourrit presque exclusivement toute l\u2019ann\u00e9e. Il s\u2019agit de l\u2019un de leurs pr\u00e9dateurs naturels qui met \u00e0 profit sa vitesse pour capturer des oiseaux dont la r\u00e9action n\u2019a pas \u00e9t\u00e9 aussi prompte qu\u2019il aurait fallu assurant ainsi sa propre survie.<br \/>\nIl ne s\u2019agit pas du seul danger qui rode, les chats domestiques sont aussi attir\u00e9s par ce man\u00e8ge. En se fondant dans le d\u00e9cor ils guettent ces proies tentantes. Leurs attaques sont souvent vou\u00e9es \u00e0 l\u2019\u00e9chec, mais \u00e0 force de patience ils finiront parfois \u00e0 y parvenir en profitant de la panique cr\u00e9e lors de leur attaque soudaine, mais leur butin ne sera pas toujours consomm\u00e9. La vigilance des oiseaux surtout en troupes est difficile \u00e0 prendre en d\u00e9faut mais elle n\u2019est pas infaillible.<\/p>\n<p>De nombreux oiseaux ne se rapprochent pas du village pour profiter de notre g\u00e9n\u00e9rosit\u00e9 mais restent en for\u00eat ou dans les vergers. Ils exploitent toutes les possibilit\u00e9s alimentaires disponibles ce qui permettra \u00e0 la majorit\u00e9 de surmonter les rigueurs de la saison hivernale. Une couverture neigeuse rendra la t\u00e2che encore plus ardue et peut les obliger \u00e0 se d\u00e9placer sur de courtes distances mais la plupart passeront la mauvaise saison en s\u2019adaptant aux conditions m\u00eame tr\u00e8s rudes. Les plus petits oiseaux de notre r\u00e9gion comme le Roitelet hupp\u00e9 ou le Troglodyte mignon trouveront de quoi se nourrir quelque soient les conditions climatiques m\u00eame au c\u0153ur de la for\u00eat.<br \/>\nLes Becs-crois\u00e9s des sapins passent toute l\u2019ann\u00e9e dans les for\u00eats de conif\u00e8res se nourrissant principalement des minuscules graines d\u2019Epic\u00e9as, de Pins ou de M\u00e9l\u00e8zes qu\u2019ils extraient gr\u00e2ce \u00e0 leurs mandibules crois\u00e9es qui leurs donnent des allures de perroquets. Les m\u00e2les\u00a0 arborent une couleur rouge marqu\u00e9e alors que la femelle est jaun\u00e2tre. Il n\u2019est pas rare et amusant de les observer au soleil se nettoyer leur bec enduit de r\u00e9sine sur les murs des ch\u00e2teaux comme au Fleckenstein.<br \/>\nLe Grand Corbeau ne fait partie de notre faune ail\u00e9e que depuis peu et se fait remarquer par ses cris puissants mais brefs que l\u2019on entend parfois aussi lorsqu\u2019il survole le village. C\u2019est un oiseau forestier qui parcourt de grandes distances \u00e0 la recherche de sa nourriture, il est omnivore et ne d\u00e9daigne pas les charognes qu\u2019il trouvera plus facilement en hiver.<\/p>\n<p>La Pie gri\u00e8che grise \u00e9tait pr\u00e9sente chez nous toute l\u2019ann\u00e9e il y a plus de 20 ans, je me souviens d\u2019avoir pu observer sa nidification dans les vergers du Wiede. Actuellement un seul oiseau peut parfois encore \u00eatre vu perch\u00e9 sur le haut d\u2019un arbre fruitier ou une haie guettant un petit rongeur, mais uniquement en hiver. Son milieu n\u2019a pourtant pas vraiment \u00e9volu\u00e9 mais elle nous quittera avant l\u2019arriv\u00e9e des beaux jours.<\/p>\n<p>En Janvier les premiers chants territoriaux se font discr\u00e8tement entendre si le temps est calme. Le Pigeon ramier et la Grive draine sont souvent les premiers \u00e0 se manifester suivis par d\u2019autres comme les M\u00e9sanges charbonni\u00e8res, noires, nonnettes ou bleues et le Pic noir. Le Pic \u00e9peiche qui est notre Pic le plus fr\u00e9quent, ne chante pas mais son tambourinage rempli la m\u00eame fonction de marquage de territoire que le chant. Les oiseaux chantent pour signifier aux autres membres de leur propre esp\u00e8ce que ce territoire leur appartient et qu\u2019ils le d\u00e9fendront pour s\u2019y reproduire lors du printemps \u00e0 venir. Les conflits de territoire ne sont pas rares, les duels brefs mais parfois violents et les protagonistes y laisseront parfois quelques plumes.<\/p>\n<p>Chez les rapaces nocturnes le chant cr\u00e9pusculaire se fait entendre \u00e0 partir de janvier ou f\u00e9vrier. Plusieurs esp\u00e8ces qui \u00e9taient encore tr\u00e8s rares voir absentes il y peu de temps ont \u00e9t\u00e9 trouv\u00e9es dans nos for\u00eats ces derni\u00e8res ann\u00e9es. Il en est ainsi du Hibou Grand duc qui est de retour tr\u00e8s localement apr\u00e8s une longue absence, de la Chouette de Tengmalm qui vit au plus profond des h\u00eatraies profitant des anciens nids de Pic noir et de la minuscule Chouette chev\u00eachette qui niche dans les anciennes cavit\u00e9s de Pic Epeiche dans les conif\u00e8res.<br \/>\nD\u2019autre rapaces nocturnes sont \u00e9galement pr\u00e9sents chez nous : la Chouette hulotte qui est assez commune, la Chouette effraie qui est malheureusement devenue bien rare mais niche encore ponctuellement dans certains greniers du village et le Hibou Moyen duc qui n\u2019est pas tr\u00e8s rare mais d\u2019une grande discr\u00e9tion.<br \/>\nLa majorit\u00e9 des rapaces diurnes et nocturnes se nourrissent de petits rongeurs toute l\u2019ann\u00e9e et en r\u00e9gulent donc les populations. L\u2019Epervier d\u2019Europe, la Chouette chev\u00eachette, l\u2019Autour des palombes ou le Faucon p\u00e8lerin sont sp\u00e9cialis\u00e9s dans la capture des oiseaux.<\/p>\n<p>Comme de nombreuses formes de vie qui nous entourent les oiseaux sont des \u00e9l\u00e9ments cl\u00e9s dans la gestion naturelle de notre environnement et participent ainsi son \u00e9quilibre. Leur facult\u00e9 de se d\u00e9placer rapidement sur des grandes distances leur permet de s\u2019adapter aux conditions environnantes beaucoup plus facilement que tous les autres animaux. Leurs couleurs, leur gr\u00e2ce et leur utilit\u00e9 leur valent souvent d\u2019\u00eatre mieux accept\u00e9s que des formes de vie \u00e0 nos yeux moins esth\u00e9tiques mais au final tout aussi indispensables dans le fonctionnement de la cha\u00eene alimentaire.<\/p>\n<p>Toutes les photos pr\u00e9sent\u00e9es ici sont l\u2019\u0153uvre de mon ami Michel Rauch de Niederbronn les bains que je remercie d\u2019avoir accept\u00e9 de les mettre \u00e0 ma disposition pour illustrer le th\u00e8me des oiseaux. Les photographier n\u00e9cessite beaucoup de patience, une ma\u00eetrise technique et un investissement de temps consid\u00e9rable souvent dans un confort tr\u00e8s pr\u00e9caire mais avec un r\u00e9sultat spectaculaire !<\/p>\n<p style=\"text-align: right;\">Texte : Fran\u00e7ois Spill<br \/>\nPhotos : Michel Rauch<\/p>\n\n\t\t<style type=\"text\/css\">\n\t\t\t#gallery-5 {\n\t\t\t\tmargin: auto;\n\t\t\t}\n\t\t\t#gallery-5 .gallery-item {\n\t\t\t\tfloat: left;\n\t\t\t\tmargin-top: 10px;\n\t\t\t\ttext-align: center;\n\t\t\t\twidth: 25%;\n\t\t\t}\n\t\t\t#gallery-5 img {\n\t\t\t\tborder: 2px solid #cfcfcf;\n\t\t\t}\n\t\t\t#gallery-5 .gallery-caption {\n\t\t\t\tmargin-left: 0;\n\t\t\t}\n\t\t\t\/* see gallery_shortcode() in wp-includes\/media.php *\/\n\t\t<\/style>\n\t\t<div id='gallery-5' class='gallery galleryid-275 gallery-columns-4 gallery-size-thumbnail'><dl class='gallery-item'>\n\t\t\t<dt class='gallery-icon landscape'>\n\t\t\t\t<a href='https:\/\/www.lembach.fr\/mairie\/decouvrir\/nature\/carduelis-carduelis-2015-12-15-chardonnerets-elegants\/'><img loading=\"lazy\" decoding=\"async\" width=\"150\" height=\"150\" src=\"https:\/\/www.lembach.fr\/mairie\/wp-content\/uploads\/2016\/10\/Chardonnerets-150x150.jpg\" class=\"attachment-thumbnail size-thumbnail\" alt=\"\" aria-describedby=\"gallery-5-4349\" \/><\/a>\n\t\t\t<\/dt>\n\t\t\t\t<dd class='wp-caption-text gallery-caption' id='gallery-5-4349'>\n\t\t\t\tChardonnerets \u00e9l\u00e9gants\n\t\t\t\t<\/dd><\/dl><dl class='gallery-item'>\n\t\t\t<dt class='gallery-icon landscape'>\n\t\t\t\t<a href='https:\/\/www.lembach.fr\/mairie\/decouvrir\/nature\/chouette-effraie\/'><img loading=\"lazy\" decoding=\"async\" width=\"150\" height=\"150\" src=\"https:\/\/www.lembach.fr\/mairie\/wp-content\/uploads\/2016\/10\/Chouette-effraie-150x150.jpg\" class=\"attachment-thumbnail size-thumbnail\" alt=\"\" aria-describedby=\"gallery-5-4350\" \/><\/a>\n\t\t\t<\/dt>\n\t\t\t\t<dd class='wp-caption-text gallery-caption' id='gallery-5-4350'>\n\t\t\t\tChouette effraie\n\t\t\t\t<\/dd><\/dl><dl class='gallery-item'>\n\t\t\t<dt class='gallery-icon landscape'>\n\t\t\t\t<a href='https:\/\/www.lembach.fr\/mairie\/decouvrir\/nature\/pyrrhula-pyrrhula-2016-02-20-couple-de-bouvreuils-pivoines-se-ho\/'><img loading=\"lazy\" decoding=\"async\" width=\"150\" height=\"150\" src=\"https:\/\/www.lembach.fr\/mairie\/wp-content\/uploads\/2016\/10\/Couple-de-Bouvreuils-150x150.jpg\" class=\"attachment-thumbnail size-thumbnail\" alt=\"\" aria-describedby=\"gallery-5-4351\" \/><\/a>\n\t\t\t<\/dt>\n\t\t\t\t<dd class='wp-caption-text gallery-caption' id='gallery-5-4351'>\n\t\t\t\tCouple de brouvreuils\n\t\t\t\t<\/dd><\/dl><dl class='gallery-item'>\n\t\t\t<dt class='gallery-icon landscape'>\n\t\t\t\t<a href='https:\/\/www.lembach.fr\/mairie\/decouvrir\/nature\/etournerau-sansonnet\/'><img loading=\"lazy\" decoding=\"async\" width=\"150\" height=\"150\" src=\"https:\/\/www.lembach.fr\/mairie\/wp-content\/uploads\/2016\/10\/Etournerau-sansonnet-150x150.jpg\" class=\"attachment-thumbnail size-thumbnail\" alt=\"\" aria-describedby=\"gallery-5-4352\" \/><\/a>\n\t\t\t<\/dt>\n\t\t\t\t<dd class='wp-caption-text gallery-caption' id='gallery-5-4352'>\n\t\t\t\tEtournerau sansonnet\n\t\t\t\t<\/dd><\/dl><br style=\"clear: both\" \/><dl class='gallery-item'>\n\t\t\t<dt class='gallery-icon landscape'>\n\t\t\t\t<a href='https:\/\/www.lembach.fr\/mairie\/decouvrir\/nature\/garrulus-glandarius-et-parus-ater-2014-12-31-le-geai-des-chenes\/'><img loading=\"lazy\" decoding=\"async\" width=\"150\" height=\"150\" src=\"https:\/\/www.lembach.fr\/mairie\/wp-content\/uploads\/2016\/10\/Geai-des-ch\u00eanes-et-M\u00e9sange-noire-150x150.jpg\" class=\"attachment-thumbnail size-thumbnail\" alt=\"\" aria-describedby=\"gallery-5-4353\" \/><\/a>\n\t\t\t<\/dt>\n\t\t\t\t<dd class='wp-caption-text gallery-caption' id='gallery-5-4353'>\n\t\t\t\tGeai des ch\u00eanes et m\u00e9sange noire\n\t\t\t\t<\/dd><\/dl><dl class='gallery-item'>\n\t\t\t<dt class='gallery-icon portrait'>\n\t\t\t\t<a href='https:\/\/www.lembach.fr\/mairie\/decouvrir\/nature\/grimpereau-des-bois\/'><img loading=\"lazy\" decoding=\"async\" width=\"150\" height=\"150\" src=\"https:\/\/www.lembach.fr\/mairie\/wp-content\/uploads\/2016\/10\/Grimpereau-des-bois-150x150.jpg\" class=\"attachment-thumbnail size-thumbnail\" alt=\"\" aria-describedby=\"gallery-5-4354\" \/><\/a>\n\t\t\t<\/dt>\n\t\t\t\t<dd class='wp-caption-text gallery-caption' id='gallery-5-4354'>\n\t\t\t\tGrimpereau des bois\n\t\t\t\t<\/dd><\/dl><dl class='gallery-item'>\n\t\t\t<dt class='gallery-icon landscape'>\n\t\t\t\t<a href='https:\/\/www.lembach.fr\/mairie\/decouvrir\/nature\/coccothrautes-coccothraustes-2013-01-23-le-grosbec-casse-noyaux\/'><img loading=\"lazy\" decoding=\"async\" width=\"150\" height=\"150\" src=\"https:\/\/www.lembach.fr\/mairie\/wp-content\/uploads\/2016\/10\/Gros-bec-150x150.jpg\" class=\"attachment-thumbnail size-thumbnail\" alt=\"\" aria-describedby=\"gallery-5-4355\" \/><\/a>\n\t\t\t<\/dt>\n\t\t\t\t<dd class='wp-caption-text gallery-caption' id='gallery-5-4355'>\n\t\t\t\tGros bec\n\t\t\t\t<\/dd><\/dl><dl class='gallery-item'>\n\t\t\t<dt class='gallery-icon landscape'>\n\t\t\t\t<a href='https:\/\/www.lembach.fr\/mairie\/decouvrir\/nature\/merles-noirs-males\/'><img loading=\"lazy\" decoding=\"async\" width=\"150\" height=\"150\" src=\"https:\/\/www.lembach.fr\/mairie\/wp-content\/uploads\/2016\/10\/Merles-noirs-m\u00e2les-150x150.jpg\" class=\"attachment-thumbnail size-thumbnail\" alt=\"\" aria-describedby=\"gallery-5-4356\" \/><\/a>\n\t\t\t<\/dt>\n\t\t\t\t<dd class='wp-caption-text gallery-caption' id='gallery-5-4356'>\n\t\t\t\tMerles noirs m\u00e2les\n\t\t\t\t<\/dd><\/dl><br style=\"clear: both\" \/><dl class='gallery-item'>\n\t\t\t<dt class='gallery-icon landscape'>\n\t\t\t\t<a href='https:\/\/www.lembach.fr\/mairie\/decouvrir\/nature\/parus-caeruleus-2015-01-12-la-mesange-bleue-sur-branche-daulne\/'><img loading=\"lazy\" decoding=\"async\" width=\"150\" height=\"150\" src=\"https:\/\/www.lembach.fr\/mairie\/wp-content\/uploads\/2016\/10\/M\u00e9sange-bleue-150x150.jpg\" class=\"attachment-thumbnail size-thumbnail\" alt=\"\" aria-describedby=\"gallery-5-4357\" \/><\/a>\n\t\t\t<\/dt>\n\t\t\t\t<dd class='wp-caption-text gallery-caption' id='gallery-5-4357'>\n\t\t\t\tM\u00e9sange bleue\n\t\t\t\t<\/dd><\/dl><dl class='gallery-item'>\n\t\t\t<dt class='gallery-icon landscape'>\n\t\t\t\t<a href='https:\/\/www.lembach.fr\/mairie\/decouvrir\/nature\/parus-cristatus-2013-01-27-la-mesange-huppee\/'><img loading=\"lazy\" decoding=\"async\" width=\"150\" height=\"150\" src=\"https:\/\/www.lembach.fr\/mairie\/wp-content\/uploads\/2016\/10\/M\u00e9sange-hupp\u00e9e-150x150.jpg\" class=\"attachment-thumbnail size-thumbnail\" alt=\"\" aria-describedby=\"gallery-5-4358\" \/><\/a>\n\t\t\t<\/dt>\n\t\t\t\t<dd class='wp-caption-text gallery-caption' id='gallery-5-4358'>\n\t\t\t\tM\u00e9sange hupp\u00e9e\n\t\t\t\t<\/dd><\/dl><dl class='gallery-item'>\n\t\t\t<dt class='gallery-icon landscape'>\n\t\t\t\t<a href='https:\/\/www.lembach.fr\/mairie\/decouvrir\/nature\/dendrocopos-major-2016-01-16-pic-epeiche-avec-une-noix\/'><img loading=\"lazy\" decoding=\"async\" width=\"150\" height=\"150\" src=\"https:\/\/www.lembach.fr\/mairie\/wp-content\/uploads\/2016\/10\/Pic-\u00e9peiche-avec-une-noix-150x150.jpg\" class=\"attachment-thumbnail size-thumbnail\" alt=\"\" aria-describedby=\"gallery-5-4359\" \/><\/a>\n\t\t\t<\/dt>\n\t\t\t\t<dd class='wp-caption-text gallery-caption' id='gallery-5-4359'>\n\t\t\t\tPic \u00e9peiche avec une noix\n\t\t\t\t<\/dd><\/dl><dl class='gallery-item'>\n\t\t\t<dt class='gallery-icon portrait'>\n\t\t\t\t<a href='https:\/\/www.lembach.fr\/mairie\/decouvrir\/nature\/pic-vert\/'><img loading=\"lazy\" decoding=\"async\" width=\"150\" height=\"150\" src=\"https:\/\/www.lembach.fr\/mairie\/wp-content\/uploads\/2016\/10\/Pic-vert-150x150.jpg\" class=\"attachment-thumbnail size-thumbnail\" alt=\"\" aria-describedby=\"gallery-5-4360\" \/><\/a>\n\t\t\t<\/dt>\n\t\t\t\t<dd class='wp-caption-text gallery-caption' id='gallery-5-4360'>\n\t\t\t\tPic vert\n\t\t\t\t<\/dd><\/dl><br style=\"clear: both\" \/><dl class='gallery-item'>\n\t\t\t<dt class='gallery-icon landscape'>\n\t\t\t\t<a href='https:\/\/www.lembach.fr\/mairie\/decouvrir\/nature\/pinson-des-arbres-male\/'><img loading=\"lazy\" decoding=\"async\" width=\"150\" height=\"150\" src=\"https:\/\/www.lembach.fr\/mairie\/wp-content\/uploads\/2016\/10\/Pinson-des-arbres-m\u00e2le-150x150.jpg\" class=\"attachment-thumbnail size-thumbnail\" alt=\"\" aria-describedby=\"gallery-5-4361\" \/><\/a>\n\t\t\t<\/dt>\n\t\t\t\t<dd class='wp-caption-text gallery-caption' id='gallery-5-4361'>\n\t\t\t\tPinson des arbes m\u00e2le\n\t\t\t\t<\/dd><\/dl><dl class='gallery-item'>\n\t\t\t<dt class='gallery-icon landscape'>\n\t\t\t\t<a href='https:\/\/www.lembach.fr\/mairie\/decouvrir\/nature\/fringilla-montifringilla-2013-01-20-le-pinson-du-nord\/'><img loading=\"lazy\" decoding=\"async\" width=\"150\" height=\"150\" src=\"https:\/\/www.lembach.fr\/mairie\/wp-content\/uploads\/2016\/10\/Pinson-du-Nord-m\u00e2le-150x150.jpg\" class=\"attachment-thumbnail size-thumbnail\" alt=\"\" aria-describedby=\"gallery-5-4362\" \/><\/a>\n\t\t\t<\/dt>\n\t\t\t\t<dd class='wp-caption-text gallery-caption' id='gallery-5-4362'>\n\t\t\t\tPinson du NOrd m\u00e2le\n\t\t\t\t<\/dd><\/dl><dl class='gallery-item'>\n\t\t\t<dt class='gallery-icon landscape'>\n\t\t\t\t<a href='https:\/\/www.lembach.fr\/mairie\/decouvrir\/nature\/erithacus-rubecula-2013-01-26-le-rougegorge\/'><img loading=\"lazy\" decoding=\"async\" width=\"150\" height=\"150\" src=\"https:\/\/www.lembach.fr\/mairie\/wp-content\/uploads\/2016\/10\/Rougegorge-150x150.jpg\" class=\"attachment-thumbnail size-thumbnail\" alt=\"\" aria-describedby=\"gallery-5-4363\" \/><\/a>\n\t\t\t<\/dt>\n\t\t\t\t<dd class='wp-caption-text gallery-caption' id='gallery-5-4363'>\n\t\t\t\tRouge-gorge\n\t\t\t\t<\/dd><\/dl><dl class='gallery-item'>\n\t\t\t<dt class='gallery-icon landscape'>\n\t\t\t\t<a href='https:\/\/www.lembach.fr\/mairie\/decouvrir\/nature\/sitta-europaea-2016-02-25-la-sitelle-torchepot-en-vol\/'><img loading=\"lazy\" decoding=\"async\" width=\"150\" height=\"150\" src=\"https:\/\/www.lembach.fr\/mairie\/wp-content\/uploads\/2016\/10\/Sitelle-torchepot-en-vol-150x150.jpg\" class=\"attachment-thumbnail size-thumbnail\" alt=\"\" aria-describedby=\"gallery-5-4364\" \/><\/a>\n\t\t\t<\/dt>\n\t\t\t\t<dd class='wp-caption-text gallery-caption' id='gallery-5-4364'>\n\t\t\t\tSitelle torchepot en vol\n\t\t\t\t<\/dd><\/dl><br style=\"clear: both\" \/><dl class='gallery-item'>\n\t\t\t<dt class='gallery-icon portrait'>\n\t\t\t\t<a href='https:\/\/www.lembach.fr\/mairie\/decouvrir\/nature\/carduelis-spinus-2013-01-25-le-tarin-des-aulnes\/'><img loading=\"lazy\" decoding=\"async\" width=\"150\" height=\"150\" src=\"https:\/\/www.lembach.fr\/mairie\/wp-content\/uploads\/2016\/10\/Tarin-des-aulnes-m\u00e2le-150x150.jpg\" class=\"attachment-thumbnail size-thumbnail\" alt=\"\" aria-describedby=\"gallery-5-4365\" \/><\/a>\n\t\t\t<\/dt>\n\t\t\t\t<dd class='wp-caption-text gallery-caption' id='gallery-5-4365'>\n\t\t\t\tTarin des aulnes m\u00e2le\n\t\t\t\t<\/dd><\/dl><dl class='gallery-item'>\n\t\t\t<dt class='gallery-icon portrait'>\n\t\t\t\t<a href='https:\/\/www.lembach.fr\/mairie\/decouvrir\/nature\/carduelis-chloris-2015-01-28-le-verdier\/'><img loading=\"lazy\" decoding=\"async\" width=\"150\" height=\"150\" src=\"https:\/\/www.lembach.fr\/mairie\/wp-content\/uploads\/2016\/10\/Verdiers-150x150.jpg\" class=\"attachment-thumbnail size-thumbnail\" alt=\"\" aria-describedby=\"gallery-5-4366\" \/><\/a>\n\t\t\t<\/dt>\n\t\t\t\t<dd class='wp-caption-text gallery-caption' id='gallery-5-4366'>\n\t\t\t\tVerdiers\n\t\t\t\t<\/dd><\/dl>\n\t\t\t<br style='clear: both' \/>\n\t\t<\/div>\n\n<p style=\"text-align: left;\"><\/div>\n\n<\/p>\n<script type='text\/javascript'>jQuery(document).ready(function() { if(GTTabs_getCookie('GTTabs_275')) GTTabs_show(GTTabs_getCookie('GTTabs_275'),275); });<\/script>","protected":false},"excerpt":{"rendered":"<p>M. Fran\u00e7ois Spill nous fait parvenir r\u00e9guli\u00e8rement ses publications accompagn\u00e9es de photos et que nous avons le plaisir de publier ici. Printemps (1) Printemps (2) \u00c9t\u00e9 Automne Les oiseaux en hiver Printemps (1) Avec le rallongement des jours la nature se r\u00e9veille et le cycle immuable de la vie se perp\u00e9tue. Les oiseaux migrateurs ayant &hellip; <\/p>\n<p><a class=\"more-link btn\" href=\"https:\/\/www.lembach.fr\/mairie\/decouvrir\/nature\/\">Lire la suite<\/a><\/p>\n","protected":false},"author":1,"featured_media":0,"parent":237,"menu_order":6,"comment_status":"closed","ping_status":"open","template":"","meta":{"footnotes":""},"class_list":["post-275","page","type-page","status-publish","hentry","nodate","item-wrap"],"_links":{"self":[{"href":"https:\/\/www.lembach.fr\/mairie\/wp-json\/wp\/v2\/pages\/275","targetHints":{"allow":["GET"]}}],"collection":[{"href":"https:\/\/www.lembach.fr\/mairie\/wp-json\/wp\/v2\/pages"}],"about":[{"href":"https:\/\/www.lembach.fr\/mairie\/wp-json\/wp\/v2\/types\/page"}],"author":[{"embeddable":true,"href":"https:\/\/www.lembach.fr\/mairie\/wp-json\/wp\/v2\/users\/1"}],"replies":[{"embeddable":true,"href":"https:\/\/www.lembach.fr\/mairie\/wp-json\/wp\/v2\/comments?post=275"}],"version-history":[{"count":0,"href":"https:\/\/www.lembach.fr\/mairie\/wp-json\/wp\/v2\/pages\/275\/revisions"}],"up":[{"embeddable":true,"href":"https:\/\/www.lembach.fr\/mairie\/wp-json\/wp\/v2\/pages\/237"}],"wp:attachment":[{"href":"https:\/\/www.lembach.fr\/mairie\/wp-json\/wp\/v2\/media?parent=275"}],"curies":[{"name":"wp","href":"https:\/\/api.w.org\/{rel}","templated":true}]}}