{"id":1549,"date":"2025-08-03T07:12:14","date_gmt":"2025-08-03T05:12:14","guid":{"rendered":"http:\/\/www.lembach.fr\/mairie\/?page_id=1549"},"modified":"2025-08-04T21:23:37","modified_gmt":"2025-08-04T19:23:37","slug":"slembacche-blattel","status":"publish","type":"page","link":"https:\/\/www.lembach.fr\/mairie\/galerie-photo\/slembacche-blattel\/","title":{"rendered":"Bulletin municipal"},"content":{"rendered":"<p>Vous trouverez ici les publications relatant la vie locale de Lembach et des environs :<\/p>\n<h3>Le dernier bulletin communal <strong><em>W\u00e0s gebt&rsquo;s Nejes ? <\/em><\/strong>:<\/h3>\n<div style=\"text-align: center;\"><iframe loading=\"lazy\" style=\"margin: 0 auto;\" src=\"\/\/v.calameo.com\/?bkcode=003096769b699148dce9f\" width=\"640\" height=\"400\" frameborder=\"0\" scrolling=\"no\" allowfullscreen=\"allowfullscreen\"><span style=\"display: inline-block; width: 0px; overflow: hidden; line-height: 0;\" data-mce-type=\"bookmark\" class=\"mce_SELRES_start\">\ufeff<\/span><\/iframe><\/div>\n<p style=\"text-align: center;\">Pour voir le document en plein \u00e9cran cliquez comme indiqu\u00e9 sur l&rsquo;image :<br \/>\n<img loading=\"lazy\" decoding=\"async\" class=\"aligncenter size-full wp-image-2529\" src=\"http:\/\/www.lembach.fr\/mairie\/wp-content\/uploads\/2012\/12\/calameo_plein_ecran.jpg\" alt=\"calameo_plein_ecran\" width=\"125\" height=\"86\" \/><\/p>\n<h3><span style=\"text-decoration: underline;\">Tous les bulletins communaux \u00ab\u00a0W\u00e0s gebt&rsquo;s Nejes ?\u00a0\u00bb \u00e0 t\u00e9l\u00e9charger<\/span> :<\/h3>\n<ul>\n<li><a href=\"https:\/\/www.lembach.fr\/mairie\/wp-content\/uploads\/2025\/08\/wgn_aout_2025.pdf\" target=\"_blank\" rel=\"noopener\"><strong>Aout 2025<\/strong><\/a><\/li>\n<li><a href=\"https:\/\/www.lembach.fr\/mairie\/wp-content\/uploads\/2024\/12\/wgn_decembre_2024.pdf\" target=\"_blank\" rel=\"noopener\"><strong>D\u00e9cembre 2024<\/strong><\/a><\/li>\n<li><a href=\"https:\/\/www.lembach.fr\/mairie\/wp-content\/uploads\/2024\/01\/wgn_janvier_2024.pdf\" target=\"_blank\" rel=\"noopener\"><strong>Janvier 2024<\/strong><\/a><\/li>\n<li><a href=\"https:\/\/www.lembach.fr\/mairie\/wp-content\/uploads\/2023\/07\/wgn_juillet_2023_v2.pdf\" target=\"_blank\" rel=\"noopener\"><strong>Juillet 2023<\/strong><\/a><\/li>\n<li><a href=\"https:\/\/www.lembach.fr\/mairie\/wp-content\/uploads\/2022\/12\/wgn_decembre_2022_2.pdf\" target=\"_blank\" rel=\"noopener\"><strong>D\u00e9cembre 2022<\/strong><\/a><\/li>\n<li><strong><a href=\"https:\/\/www.lembach.fr\/mairie\/wp-content\/uploads\/2022\/05\/wgn_mai_2022.pdf\" target=\"_blank\" rel=\"noopener\">Mai 2022<\/a><\/strong><\/li>\n<li><strong><a href=\"https:\/\/www.lembach.fr\/mairie\/wp-content\/uploads\/2021\/12\/wgn_decembre_2021.pdf\" target=\"_blank\" rel=\"noopener\">D\u00e9cembre 2021<\/a><\/strong><\/li>\n<li><strong><a href=\"https:\/\/www.lembach.fr\/mairie\/wp-content\/uploads\/2021\/04\/wgn_avril_2021.pdf\" target=\"_blank\" rel=\"noopener\">Avril 2021<\/a><\/strong><\/li>\n<li><a href=\"https:\/\/www.lembach.fr\/mairie\/wp-content\/uploads\/2020\/12\/wgn27.pdf\" target=\"_blank\" rel=\"noopener\"><strong>D\u00e9cembre 2020<\/strong><\/a><\/li>\n<li><a href=\"https:\/\/www.lembach.fr\/mairie\/wp-content\/uploads\/2020\/09\/wgn26.pdf\" target=\"_blank\" rel=\"noopener noreferrer\"><strong>Septembre 2020<\/strong><\/a><\/li>\n<li><a href=\"https:\/\/www.lembach.fr\/mairie\/wp-content\/uploads\/2020\/04\/wgn_avril_2020.pdf\" target=\"_blank\" rel=\"noopener noreferrer\"><strong>Avril 2020<\/strong><\/a><\/li>\n<li><a href=\"https:\/\/www.lembach.fr\/mairie\/wp-content\/uploads\/2019\/12\/wgn_decembre_2019.pdf\" target=\"_blank\" rel=\"noopener noreferrer\"><strong>D\u00e9cembre 2019<\/strong><\/a><\/li>\n<li><a href=\"https:\/\/www.lembach.fr\/mairie\/wp-content\/uploads\/2019\/10\/wgn_octobre_2019.pdf\" target=\"_blank\" rel=\"noopener noreferrer\"><strong>Octobre 2019<\/strong><\/a><\/li>\n<li><a href=\"https:\/\/www.lembach.fr\/mairie\/wp-content\/uploads\/2019\/07\/wgn_juillet_2019.pdf\" target=\"_blank\" rel=\"noopener noreferrer\"><strong>Juillet 2019<\/strong><\/a><\/li>\n<li><a href=\"https:\/\/www.lembach.fr\/mairie\/wp-content\/uploads\/2019\/03\/wgn_mars_2019.pdf\" target=\"_blank\" rel=\"noopener noreferrer\"><strong>Mars 2019<\/strong><\/a><\/li>\n<li><a href=\"https:\/\/www.lembach.fr\/mairie\/wp-content\/uploads\/2018\/12\/wgn_decembre_2018.pdf\" target=\"_blank\" rel=\"noopener noreferrer\"><strong>D\u00e9cembre 2018<\/strong><\/a><\/li>\n<li><a href=\"https:\/\/www.lembach.fr\/mairie\/wp-content\/uploads\/2018\/10\/wgn_octobre_2018.pdf\" target=\"_blank\" rel=\"noopener noreferrer\"><strong>Octobre 2018<\/strong><\/a><\/li>\n<li><a href=\"https:\/\/www.lembach.fr\/mairie\/wp-content\/uploads\/2018\/07\/wgn_juillet_2018.pdf\" target=\"_blank\" rel=\"noopener noreferrer\"><strong>Juillet 2018<\/strong><\/a><\/li>\n<li><a href=\"https:\/\/www.lembach.fr\/mairie\/wp-content\/uploads\/2018\/04\/wgn_avril_2018.pdf\" target=\"_blank\" rel=\"noopener noreferrer\"><strong>Avril 2018<\/strong><\/a><\/li>\n<li><a href=\"https:\/\/www.lembach.fr\/mairie\/wp-content\/uploads\/2017\/12\/wgn_decembre_2017.pdf\" target=\"_blank\" rel=\"noopener noreferrer\"><strong>D\u00e9cembre 2017<\/strong><\/a><\/li>\n<li><a href=\"https:\/\/www.lembach.fr\/mairie\/wp-content\/uploads\/2017\/10\/wgn_octobre_2017.pdf\" target=\"_blank\" rel=\"noopener noreferrer\"><strong>Octobre 2017<\/strong><\/a><\/li>\n<li><a href=\"http:\/\/www.lembach.fr\/mairie\/wp-content\/uploads\/2017\/07\/wgn_juillet_2017.pdf\" target=\"_blank\" rel=\"noopener noreferrer\"><strong>Juillet 2017<\/strong><\/a><\/li>\n<li><a href=\"http:\/\/www.lembach.fr\/mairie\/wp-content\/uploads\/2017\/04\/wgn_avril_2017.pdf\" target=\"_blank\" rel=\"noopener noreferrer\"><strong>Avril 2017<\/strong><\/a><\/li>\n<li><a href=\"http:\/\/www.lembach.fr\/mairie\/wp-content\/uploads\/2016\/12\/wgn_decembre_2016.pdf\" target=\"_blank\" rel=\"noopener noreferrer\"><strong>D\u00e9cembre 2016<\/strong><\/a><\/li>\n<li><a href=\"http:\/\/www.lembach.fr\/mairie\/wp-content\/uploads\/2016\/10\/wgn_octobre2016.pdf\" target=\"_blank\" rel=\"noopener noreferrer\"><strong>Octobre 2016<\/strong><\/a><\/li>\n<li><a href=\"http:\/\/www.lembach.fr\/mairie\/wp-content\/uploads\/2016\/07\/wgn_juillet2016.pdf\" target=\"_blank\" rel=\"noopener noreferrer\"><strong>Juillet 2016<\/strong><\/a><\/li>\n<li><a href=\"http:\/\/www.lembach.fr\/mairie\/wp-content\/uploads\/2016\/05\/wgn_avril_2016.pdf\"><strong>Avril 2016<\/strong><\/a><\/li>\n<li><strong><a href=\"http:\/\/www.lembach.fr\/mairie\/wp-content\/uploads\/2016\/02\/wgn_fevrier_2016.pdf\" target=\"_blank\" rel=\"noopener noreferrer\">F\u00e9vrier 2016<\/a><\/strong><\/li>\n<li><a href=\"http:\/\/www.lembach.fr\/mairie\/wp-content\/uploads\/2015\/12\/wgn_decembre2015.pdf\" target=\"_blank\" rel=\"noopener noreferrer\"><strong>D\u00e9cembre 2015<\/strong><\/a><\/li>\n<li><a href=\"http:\/\/www.lembach.fr\/mairie\/wp-content\/uploads\/2015\/10\/wgn_octobre2015.pdf\" target=\"_blank\" rel=\"noopener noreferrer\"><strong>Octobre 2015<\/strong><\/a><\/li>\n<li><a href=\"http:\/\/www.lembach.fr\/mairie\/wp-content\/uploads\/2015\/07\/wgn5.pdf\" target=\"_blank\" rel=\"noopener noreferrer\"><strong>Juillet 2015<\/strong><\/a><\/li>\n<li><a href=\"http:\/\/www.lembach.fr\/mairie\/wp-content\/uploads\/2015\/05\/wgn_avril2015.pdf\" target=\"_blank\" rel=\"noopener noreferrer\"><strong>Avril 2015<\/strong><\/a><\/li>\n<li><a href=\"http:\/\/www.lembach.fr\/mairie\/wp-content\/uploads\/2014\/08\/wgn_decembre2014.pdf\" target=\"_blank\" rel=\"noopener noreferrer\"><strong>D\u00e9cembre 2014<\/strong><\/a><\/li>\n<li><a href=\"http:\/\/www.lembach.fr\/mairie\/wp-content\/uploads\/2014\/08\/wgn_septembre2014.pdf\" target=\"_blank\" rel=\"noopener noreferrer\"><strong>Septembre 2014<\/strong><\/a><\/li>\n<li><a href=\"http:\/\/www.lembach.fr\/mairie\/wp-content\/uploads\/2012\/12\/was_gibts_nejes_mai2014.pdf\" target=\"_blank\" rel=\"noopener noreferrer\"><strong>Mai 2014<\/strong><\/a><\/li>\n<li><a href=\"http:\/\/www.lembach.fr\/mairie\/wp-content\/uploads\/2014\/03\/bulletin_communal_mars2014.pdf\" target=\"_blank\" rel=\"noopener noreferrer\"><strong>Mars 2014<\/strong><\/a><\/li>\n<li><a href=\"http:\/\/www.lembach.fr\/mairie\/wp-content\/uploads\/2013\/12\/bulletin_communal_decembre2013.pdf\" target=\"_blank\" rel=\"noopener noreferrer\"><strong>D\u00e9cembre 2013<\/strong><\/a><\/li>\n<li><a href=\"http:\/\/www.lembach.fr\/mairie\/wp-content\/uploads\/2013\/08\/bulletin_communal_juillet2013.pdf\" target=\"_blank\" rel=\"noopener noreferrer\"><strong>Juillet 2013<\/strong><\/a><\/li>\n<li><a href=\"http:\/\/www.lembach.fr\/mairie\/wp-content\/uploads\/2013\/05\/bulletin_communal_avril13.pdf\" target=\"_blank\" rel=\"noopener noreferrer\"><strong>Avril 2013<\/strong><\/a><\/li>\n<li><a href=\"http:\/\/www.lembach.fr\/mairie\/wp-content\/uploads\/2012\/12\/bulletin_communal_dec2012.pdf\" target=\"_blank\" rel=\"noopener noreferrer\"><strong>D\u00e9cembre 2012<\/strong><\/a><\/li>\n<\/ul>\n<p style=\"text-align: center;\"><img loading=\"lazy\" decoding=\"async\" class=\"aligncenter size-full wp-image-1557\" style=\"border: 0px none;\" src=\"http:\/\/www.lembach.fr\/mairie\/wp-content\/uploads\/2012\/12\/bonhomme-journal.png\" alt=\"bonhomme-journal\" width=\"247\" height=\"399\" srcset=\"https:\/\/www.lembach.fr\/mairie\/wp-content\/uploads\/2012\/12\/bonhomme-journal.png 247w, https:\/\/www.lembach.fr\/mairie\/wp-content\/uploads\/2012\/12\/bonhomme-journal-185x300.png 185w\" sizes=\"auto, (max-width: 247px) 100vw, 247px\" \/><\/p>\n<p>&nbsp;<\/p>\n","protected":false},"excerpt":{"rendered":"<p>Vous trouverez ici les publications relatant la vie locale de Lembach et des environs : Le dernier bulletin communal W\u00e0s gebt&rsquo;s Nejes ? : \ufeff Pour voir le document en plein \u00e9cran cliquez comme indiqu\u00e9 sur l&rsquo;image : Tous les bulletins communaux \u00ab\u00a0W\u00e0s gebt&rsquo;s Nejes ?\u00a0\u00bb \u00e0 t\u00e9l\u00e9charger : Aout 2025 D\u00e9cembre 2024 Janvier 2024 &hellip; <\/p>\n<p><a class=\"more-link btn\" href=\"https:\/\/www.lembach.fr\/mairie\/galerie-photo\/slembacche-blattel\/\">Lire la suite<\/a><\/p>\n","protected":false},"author":1,"featured_media":0,"parent":569,"menu_order":0,"comment_status":"closed","ping_status":"closed","template":"","meta":{"footnotes":""},"class_list":["post-1549","page","type-page","status-publish","hentry","nodate","item-wrap"],"_links":{"self":[{"href":"https:\/\/www.lembach.fr\/mairie\/wp-json\/wp\/v2\/pages\/1549","targetHints":{"allow":["GET"]}}],"collection":[{"href":"https:\/\/www.lembach.fr\/mairie\/wp-json\/wp\/v2\/pages"}],"about":[{"href":"https:\/\/www.lembach.fr\/mairie\/wp-json\/wp\/v2\/types\/page"}],"author":[{"embeddable":true,"href":"https:\/\/www.lembach.fr\/mairie\/wp-json\/wp\/v2\/users\/1"}],"replies":[{"embeddable":true,"href":"https:\/\/www.lembach.fr\/mairie\/wp-json\/wp\/v2\/comments?post=1549"}],"version-history":[{"count":11,"href":"https:\/\/www.lembach.fr\/mairie\/wp-json\/wp\/v2\/pages\/1549\/revisions"}],"predecessor-version":[{"id":8526,"href":"https:\/\/www.lembach.fr\/mairie\/wp-json\/wp\/v2\/pages\/1549\/revisions\/8526"}],"up":[{"embeddable":true,"href":"https:\/\/www.lembach.fr\/mairie\/wp-json\/wp\/v2\/pages\/569"}],"wp:attachment":[{"href":"https:\/\/www.lembach.fr\/mairie\/wp-json\/wp\/v2\/media?parent=1549"}],"curies":[{"name":"wp","href":"https:\/\/api.w.org\/{rel}","templated":true}]}}