{"id":1293,"date":"2012-06-25T12:53:54","date_gmt":"2012-06-25T10:53:54","guid":{"rendered":"http:\/\/www.lembach.fr\/mairie\/?page_id=1293"},"modified":"2023-09-22T11:04:38","modified_gmt":"2023-09-22T09:04:38","slug":"mairie","status":"publish","type":"page","link":"https:\/\/www.lembach.fr\/mairie\/mairie\/","title":{"rendered":"Mairie"},"content":{"rendered":"<div>\n<h4 style=\"text-align: center;\"><span style=\"color: #333333;\">Mairie de Lembach<\/span><br \/>\n<span style=\"color: #333333;\"> 1, route de Bitche<\/span><br \/>\n<span style=\"color: #333333;\"> 67510 LEMBACH<\/span><\/h4>\n<p style=\"text-align: center;\"><img loading=\"lazy\" decoding=\"async\" class=\"alignnone size-full wp-image-1301\" title=\"\" src=\"http:\/\/www.lembach.fr\/mairie\/wp-content\/uploads\/2012\/06\/mairie.jpg\" alt=\"\" width=\"400\" height=\"327\" srcset=\"https:\/\/www.lembach.fr\/mairie\/wp-content\/uploads\/2012\/06\/mairie.jpg 400w, https:\/\/www.lembach.fr\/mairie\/wp-content\/uploads\/2012\/06\/mairie-300x245.jpg 300w\" sizes=\"auto, (max-width: 400px) 100vw, 400px\" \/><\/p>\n<p style=\"text-align: center;\"><strong><span style=\"text-decoration: underline;\">Horaires d&rsquo;ouverture :<\/span><\/strong><\/p>\n<p style=\"text-align: center;\">du mardi au vendredi<br \/>\nde 8h-12h<\/p>\n<p style=\"text-align: center;\">sur rdv l&rsquo;apr\u00e8s-midi<\/p>\n<p style=\"text-align: center;\"><span style=\"text-decoration: underline;\"><strong>Contact :<\/strong><\/span><\/p>\n<p style=\"text-align: center;\">T\u00e9l\u00e9phone : 03 88 94 42 84<br \/>\nT\u00e9l\u00e9copie : 03 88 94 21 45<br \/>\nMail : <a href=\"mailto:mairie@lembach.fr\">mairie@lembach.fr<\/a><\/p>\n<p>&nbsp;<\/p>\n<\/div>\n","protected":false},"excerpt":{"rendered":"<p>Mairie de Lembach 1, route de Bitche 67510 LEMBACH Horaires d&rsquo;ouverture : du mardi au vendredi de 8h-12h sur rdv l&rsquo;apr\u00e8s-midi Contact : T\u00e9l\u00e9phone : 03 88 94 42 84 T\u00e9l\u00e9copie : 03 88 94 21 45 Mail : mairie@lembach.fr &nbsp;<\/p>\n","protected":false},"author":1,"featured_media":0,"parent":0,"menu_order":1,"comment_status":"closed","ping_status":"open","template":"","meta":{"footnotes":""},"class_list":["post-1293","page","type-page","status-publish","hentry","nodate","item-wrap"],"_links":{"self":[{"href":"https:\/\/www.lembach.fr\/mairie\/wp-json\/wp\/v2\/pages\/1293","targetHints":{"allow":["GET"]}}],"collection":[{"href":"https:\/\/www.lembach.fr\/mairie\/wp-json\/wp\/v2\/pages"}],"about":[{"href":"https:\/\/www.lembach.fr\/mairie\/wp-json\/wp\/v2\/types\/page"}],"author":[{"embeddable":true,"href":"https:\/\/www.lembach.fr\/mairie\/wp-json\/wp\/v2\/users\/1"}],"replies":[{"embeddable":true,"href":"https:\/\/www.lembach.fr\/mairie\/wp-json\/wp\/v2\/comments?post=1293"}],"version-history":[{"count":2,"href":"https:\/\/www.lembach.fr\/mairie\/wp-json\/wp\/v2\/pages\/1293\/revisions"}],"predecessor-version":[{"id":7696,"href":"https:\/\/www.lembach.fr\/mairie\/wp-json\/wp\/v2\/pages\/1293\/revisions\/7696"}],"wp:attachment":[{"href":"https:\/\/www.lembach.fr\/mairie\/wp-json\/wp\/v2\/media?parent=1293"}],"curies":[{"name":"wp","href":"https:\/\/api.w.org\/{rel}","templated":true}]}}