{"id":1117,"date":"2012-06-19T20:29:38","date_gmt":"2012-06-19T18:29:38","guid":{"rendered":"http:\/\/www.lembach.fr\/mairie\/?page_id=1117"},"modified":"2017-07-11T08:07:14","modified_gmt":"2017-07-11T07:07:14","slug":"videos-vosges-du-nord","status":"publish","type":"page","link":"https:\/\/www.lembach.fr\/mairie\/galerie-photo\/videos\/videos-vosges-du-nord\/","title":{"rendered":"Video : Vosges du Nord"},"content":{"rendered":"<p>La vid\u00e9o de pr\u00e9sentation du territoire du Parc naturel r\u00e9gional des Vosges du Nord, prix EDEN 2009. Distinction pour une destination touristique europ\u00e9enne d&rsquo;excellence au niveau fran\u00e7ais, et europ\u00e9en. La Commission europ\u00e9enne a offert la r\u00e9alisation de ce film promotionnel, libre de droits.<\/p>\n<p>Ce premier prix d&rsquo;excellence a \u00e9t\u00e9 remis aux Vosges du Nord, le 25 juin \u00e0 Paris, au Minist\u00e8re de l&rsquo;\u00e9conomie \u00e0 Bercy (direction Tourisme), et remis \u00e0 Bruxelles, le 8 octobre par la Commission Europ\u00e9enne.<\/p>\n<p>Une contr\u00e9e entre Alsace, Lorraine, limitrophe avec l&rsquo;Allemagne (Naturpark Pf\u00e4lzerwald), id\u00e9ale pour randonner \u00e0 pied, en cyclo, \u00e0 cheval, en VTT, avec des h\u00e9bergements tr\u00e8s diversifi\u00e9s, des mus\u00e9es \u00e0 th\u00e8mes tr\u00e8s originaux (du verre et cristal \u00e0 Meisenthal et St Louis-les-Bitche, du fer \u00e0 Reichshoffen, du p\u00e9trole \u00e0 Merkwiller Pechelbronn, des sceaux \u00e0 La Petite Pierre, &#8230;).<\/p>\n<p style=\"text-align: center;\"><iframe loading=\"lazy\" src=\"http:\/\/www.youtube.com\/embed\/i0xhPCmjkik?feature=player_detailpage\" width=\"640\" height=\"360\" frameborder=\"0\" allowfullscreen=\"allowfullscreen\"><\/iframe><\/p>\n","protected":false},"excerpt":{"rendered":"<p>La vid\u00e9o de pr\u00e9sentation du territoire du Parc naturel r\u00e9gional des Vosges du Nord, prix EDEN 2009. Distinction pour une destination touristique europ\u00e9enne d&rsquo;excellence au niveau fran\u00e7ais, et europ\u00e9en. La Commission europ\u00e9enne a offert la r\u00e9alisation de ce film promotionnel, libre de droits. Ce premier prix d&rsquo;excellence a \u00e9t\u00e9 remis aux Vosges du Nord, le &hellip; <\/p>\n<p><a class=\"more-link btn\" href=\"https:\/\/www.lembach.fr\/mairie\/galerie-photo\/videos\/videos-vosges-du-nord\/\">Lire la suite<\/a><\/p>\n","protected":false},"author":1,"featured_media":0,"parent":4655,"menu_order":1,"comment_status":"closed","ping_status":"open","template":"","meta":{"footnotes":""},"class_list":["post-1117","page","type-page","status-publish","hentry","nodate","item-wrap"],"_links":{"self":[{"href":"https:\/\/www.lembach.fr\/mairie\/wp-json\/wp\/v2\/pages\/1117","targetHints":{"allow":["GET"]}}],"collection":[{"href":"https:\/\/www.lembach.fr\/mairie\/wp-json\/wp\/v2\/pages"}],"about":[{"href":"https:\/\/www.lembach.fr\/mairie\/wp-json\/wp\/v2\/types\/page"}],"author":[{"embeddable":true,"href":"https:\/\/www.lembach.fr\/mairie\/wp-json\/wp\/v2\/users\/1"}],"replies":[{"embeddable":true,"href":"https:\/\/www.lembach.fr\/mairie\/wp-json\/wp\/v2\/comments?post=1117"}],"version-history":[{"count":0,"href":"https:\/\/www.lembach.fr\/mairie\/wp-json\/wp\/v2\/pages\/1117\/revisions"}],"up":[{"embeddable":true,"href":"https:\/\/www.lembach.fr\/mairie\/wp-json\/wp\/v2\/pages\/4655"}],"wp:attachment":[{"href":"https:\/\/www.lembach.fr\/mairie\/wp-json\/wp\/v2\/media?parent=1117"}],"curies":[{"name":"wp","href":"https:\/\/api.w.org\/{rel}","templated":true}]}}