{"id":4357,"date":"2017-01-25T13:30:32","date_gmt":"2017-01-25T12:30:32","guid":{"rendered":"http:\/\/www.lembach.fr\/mairie\/wp-content\/uploads\/2016\/10\/M\u00e9sange-bleue.jpg"},"modified":"2017-01-25T13:33:46","modified_gmt":"2017-01-25T12:33:46","slug":"parus-caeruleus-2015-01-12-la-mesange-bleue-sur-branche-daulne","status":"inherit","type":"attachment","link":"https:\/\/www.lembach.fr\/mairie\/decouvrir\/nature\/parus-caeruleus-2015-01-12-la-mesange-bleue-sur-branche-daulne\/","title":{"rendered":"Parus caeruleus 2015 01 12 la m\u00e9sange bleue sur branche d&rsquo;aulne"},"author":1,"featured_media":0,"comment_status":"closed","ping_status":"closed","template":"","meta":[],"class_list":["post-4357","attachment","type-attachment","status-inherit","hentry","nodate","item-wrap"],"description":{"rendered":"<p class=\"attachment\"><a href='https:\/\/www.lembach.fr\/mairie\/wp-content\/uploads\/2016\/10\/M\u00e9sange-bleue.jpg'><img loading=\"lazy\" decoding=\"async\" width=\"300\" height=\"221\" src=\"https:\/\/www.lembach.fr\/mairie\/wp-content\/uploads\/2016\/10\/M\u00e9sange-bleue-300x221.jpg\" class=\"attachment-medium size-medium\" alt=\"\" srcset=\"https:\/\/www.lembach.fr\/mairie\/wp-content\/uploads\/2016\/10\/M\u00e9sange-bleue-300x221.jpg 300w, https:\/\/www.lembach.fr\/mairie\/wp-content\/uploads\/2016\/10\/M\u00e9sange-bleue-768x566.jpg 768w, https:\/\/www.lembach.fr\/mairie\/wp-content\/uploads\/2016\/10\/M\u00e9sange-bleue-1024x755.jpg 1024w, https:\/\/www.lembach.fr\/mairie\/wp-content\/uploads\/2016\/10\/M\u00e9sange-bleue.jpg 1076w\" sizes=\"auto, (max-width: 300px) 100vw, 300px\" \/><\/a><\/p>\n"},"caption":{"rendered":"<p>M\u00e9sange bleue<\/p>\n"},"alt_text":"","media_type":"image","mime_type":"image\/jpeg","media_details":{"width":1076,"height":793,"file":"2016\/10\/M\u00e9sange-bleue.jpg","sizes":{"thumbnail":{"file":"M\u00e9sange-bleue-150x150.jpg","width":150,"height":150,"mime_type":"image\/jpeg","source_url":"https:\/\/www.lembach.fr\/mairie\/wp-content\/uploads\/2016\/10\/M\u00e9sange-bleue-150x150.jpg"},"medium":{"file":"M\u00e9sange-bleue-300x221.jpg","width":300,"height":221,"mime_type":"image\/jpeg","source_url":"https:\/\/www.lembach.fr\/mairie\/wp-content\/uploads\/2016\/10\/M\u00e9sange-bleue-300x221.jpg"},"medium_large":{"file":"M\u00e9sange-bleue-768x566.jpg","width":768,"height":566,"mime_type":"image\/jpeg","source_url":"https:\/\/www.lembach.fr\/mairie\/wp-content\/uploads\/2016\/10\/M\u00e9sange-bleue-768x566.jpg"},"large":{"file":"M\u00e9sange-bleue-1024x755.jpg","width":1024,"height":755,"mime_type":"image\/jpeg","source_url":"https:\/\/www.lembach.fr\/mairie\/wp-content\/uploads\/2016\/10\/M\u00e9sange-bleue-1024x755.jpg"},"graphene-homepage-pane":{"file":"M\u00e9sange-bleue-364x182.jpg","width":364,"height":182,"mime_type":"image\/jpeg","source_url":"https:\/\/www.lembach.fr\/mairie\/wp-content\/uploads\/2016\/10\/M\u00e9sange-bleue-364x182.jpg"},"post-thumbnail":{"file":"M\u00e9sange-bleue-1024x198.jpg","width":1024,"height":198,"mime_type":"image\/jpeg","source_url":"https:\/\/www.lembach.fr\/mairie\/wp-content\/uploads\/2016\/10\/M\u00e9sange-bleue-1024x198.jpg"},"full":{"file":"M\u00e9sange-bleue.jpg","width":1076,"height":793,"mime_type":"image\/jpeg","source_url":"https:\/\/www.lembach.fr\/mairie\/wp-content\/uploads\/2016\/10\/M\u00e9sange-bleue.jpg"}},"image_meta":{"aperture":"4.5","credit":"Michel RAUCH\/BIOSPHOTO","camera":"NIKON D300S","caption":"Parus caeruleus 2015 01 12 la m\u00e9sange bleue sur branche d'aulne\rParc naturel r\u00e9gional des VOSGES DU NORD \rclass\u00e9 R\u00e9serve mondiale de Biosph\u00e8re par l'UNESCO","created_timestamp":"1421155263","copyright":"","focal_length":"300","iso":"320","shutter_speed":"0.00125","title":"Parus caeruleus 2015 01 12 la m\u00e9sange bleue sur branche d'aulne","orientation":"1","keywords":[]}},"post":275,"source_url":"https:\/\/www.lembach.fr\/mairie\/wp-content\/uploads\/2016\/10\/M\u00e9sange-bleue.jpg","_links":{"self":[{"href":"https:\/\/www.lembach.fr\/mairie\/wp-json\/wp\/v2\/media\/4357","targetHints":{"allow":["GET"]}}],"collection":[{"href":"https:\/\/www.lembach.fr\/mairie\/wp-json\/wp\/v2\/media"}],"about":[{"href":"https:\/\/www.lembach.fr\/mairie\/wp-json\/wp\/v2\/types\/attachment"}],"author":[{"embeddable":true,"href":"https:\/\/www.lembach.fr\/mairie\/wp-json\/wp\/v2\/users\/1"}],"replies":[{"embeddable":true,"href":"https:\/\/www.lembach.fr\/mairie\/wp-json\/wp\/v2\/comments?post=4357"}],"wp:attached-to":[{"embeddable":true,"post_type":"page","id":275,"href":"https:\/\/www.lembach.fr\/mairie\/wp-json\/wp\/v2\/pages\/275"}],"curies":[{"name":"wp","href":"https:\/\/api.w.org\/{rel}","templated":true}]}}